{"id":147,"date":"2017-06-14T18:00:06","date_gmt":"2017-06-14T18:00:06","guid":{"rendered":"http:\/\/demo.curlythemes.com\/theatrewp\/?page_id=7"},"modified":"2023-07-21T19:19:04","modified_gmt":"2023-07-21T17:19:04","slug":"home","status":"publish","type":"page","link":"https:\/\/fomentmolins.cat\/es\/","title":{"rendered":"Inicio"},"content":{"rendered":"<div class=\"wpb-content-wrapper\">[vc_row curly_padding=\u00bbcontent-padding-xl\u00bb][vc_column el_class=\u00bbxtd-spacer&#8211;lg\u00bb css=\u00bb.vc_custom_1689678450617{padding-bottom: -40px !important;}\u00bb][vc_column_text]\n<h1 class=\"special-title\" style=\"text-align: center;\">Foment Cultural i Art\u00edstic<\/h1>\n[\/vc_column_text][vc_column_text css=\u00bb.vc_custom_1689851932900{padding-right: 40px !important;padding-left: 60px !important;}\u00bb]El Foment Cultural y Art\u00edstic de Molins de Rei es una entidad centenaria, sin \u00e1nimo de lucro, que tiene como finalidad la promoci\u00f3n y fomento de la cultura en todos sus registros. Consideramos la cultura un bien esencial y es por este motivo que trabajamos para fomentar cualquier iniciativa cultural. Nuestro prop\u00f3sito es dar cabida a cualquier persona, entidad o proyecto que tenga un valor cultural y humano. Trabajamos para ser una entidad mod\u00e9lica, con valores como el respeto por la igualdad de g\u00e9nero y potenciar la cultura verde y sostenible.<\/p>\n<p>Queremos ser el eje vertebrador de la cultura y necesitamos crecer como entidad fomentando actividades inclusivas para todos los p\u00fablicos. Creemos firmemente que la cultura es el motor id\u00f3neo para hacer mejor a las personas y la sociedad. Foment mira el futuro con modernidad y con la ilusi\u00f3n de ser la casa de todos, donde no importe de d\u00f3nde eres sino c\u00f3mo son tus inquietudes culturales[\/vc_column_text][vc_empty_space height=\u00bb\u00bb el_class=\u00bbxtd-spacer&#8211;xl\u00bb][vc_column_text]\n<h1 class=\"special-title\" style=\"text-align: center;\">Programaci\u00f3n<\/h1>\n[\/vc_column_text][vc_empty_space height=\u00bb\u00bb el_class=\u00bbxtd-spacer&#8211;xl\u00bb][vc_empty_space height=\u00bb\u00bb css=\u00bb.vc_custom_1688472344735{margin-bottom: -70px !important;border-bottom-width: -40px !important;padding-bottom: -40px !important;}\u00bb el_class=\u00bbxtd-spacer&#8211;lg\u00bb]\t\t<div class=\"wcs-timetable__wrapper\">\n\t\t\t<div class=\"wcs-vue\" id=\"wcs-app-1\"><\/div>\n\t\t<\/div>\n\t\t[vc_empty_space height=\u00bb\u00bb el_class=\u00bbxtd-spacer&#8211;xl\u00bb css=\u00bb.vc_custom_1689439693931{margin-bottom: -20px !important;}\u00bb][\/vc_column][\/vc_row][vc_row full_width=\u00bbstretch_row\u00bb css=\u00bb.vc_custom_1496176570672{background-color: #1a1919 !important;}\u00bb][vc_column css=\u00bb.vc_custom_1689439679742{margin-top: -60px !important;}\u00bb][vc_column_text]\n<h1 class=\"special-title\" style=\"text-align: center;\">Pr\u00f3ximos eventos<\/h1>\n[\/vc_column_text][vc_empty_space height=\u00bb\u00bb el_class=\u00bbxtd-spacer&#8211;lg\u00bb]\t\t<div class=\"wcs-timetable__wrapper\">\n\t\t\t<div class=\"wcs-vue\" id=\"wcs-app-2\"><\/div>\n\t\t<\/div>\n\t\t[vc_empty_space height=\u00bb\u00bb el_class=\u00bbxtd-spacer&#8211;xl\u00bb][vc_btn title=\u00bbVer toda la agenda\u00bb style=\u00bbbtn-outline-primary\u00bb size=\u00bblg\u00bb align=\u00bbcenter\u00bb i_align=\u00bbright\u00bb i_icon_fontawesome=\u00bb\u00bb add_icon=\u00bbtrue\u00bb link=\u00bburl:https%3A%2F%2Ffomentmolins.cat%2Fagenda%2F|title:Agenda\u00bb][\/vc_column][\/vc_row][vc_row full_width=\u00bbstretch_row\u00bb equal_height=\u00bbyes\u00bb content_placement=\u00bbmiddle\u00bb curly_bg_repeat=\u00bbbg-no-repeat\u00bb curly_bg_position=\u00bbbg-pos-center-center\u00bb css=\u00bb.vc_custom_1496176576005{background-position: center !important;background-repeat: no-repeat !important;background-size: contain !important;}\u00bb][vc_column width=\u00bb5\/12&#8243; curly_bg_repeat=\u00bbbg-no-repeat\u00bb][vc_single_image image=\u00bb319&#8243; img_size=\u00bbfull\u00bb style=\u00bbxtd-shadow&#8211;large-hard\u00bb css_animation=\u00bbnone\u00bb el_class=\u00bbxtd-offset-frame\u00bb][vc_empty_space height=\u00bb\u00bb el_class=\u00bbxtd-spacer&#8211;lg\u00bb][\/vc_column][vc_column width=\u00bb1\/2&#8243; curly_bg_repeat=\u00bbbg-no-repeat\u00bb curly_bg_position=\u00bbbg-pos-center-center\u00bb css=\u00bb.vc_custom_1497536990501{background-image: url(http:\/\/demo.curlythemes.com\/theatrewp\/wp-content\/uploads\/sites\/21\/2017\/06\/letter-2.svg?id=80) !important;background-position: center !important;background-repeat: no-repeat !important;background-size: contain !important;}\u00bb offset=\u00bbvc_col-sm-offset-1&#8243;][vc_empty_space height=\u00bb\u00bb el_class=\u00bbxtd-spacer&#8211;lg\u00bb][vc_column_text css_animation=\u00bbnone\u00bb el_class=\u00bbxtd-text-shadow&#8211;large-hard\u00bb css=\u00bb.vc_custom_1688292041876{margin-right: -4rem !important;margin-left: -4rem !important;}\u00bb]\n<blockquote>\n<p>En 1920 nace el Fomento Agr\u00edcola, Industrial y Comercial de la mano del se\u00f1or Francesc Claramunt i Vilagut quien a la vez fue el primer presidente de la entidad entre los a\u00f1os 1920 y 1922. El actual nombre de Fomento Cultural y Art\u00edstico lo adquiere despu\u00e9s de la Guerra Civil, en 1936-1939.<br \/>\n<cite>FRANCESC CLARAMUNT I VILAGUT<\/cite><\/p>\n<\/blockquote>\n[\/vc_column_text][\/vc_column][\/vc_row][vc_row full_width=\u00bbstretch_row\u00bb gap=\u00bb35&#8243; content_placement=\u00bbmiddle\u00bb curly_padding=\u00bbcontent-padding-none\u00bb css=\u00bb.vc_custom_1496246250057{background-color: #1a1919 !important;}\u00bb][vc_column width=\u00bb1\/6&#8243; offset=\u00bbvc_col-xs-6&#8243;][vc_single_image image=\u00bb529&#8243; img_size=\u00bbfull\u00bb curly_max_width=\u00bb80%\u00bb el_class=\u00bbxtd-hover-05&#8243;][vc_column_text el_class=\u00bbxtd-hover-05&#8243; css=\u00bb.vc_custom_1689959889415{margin-top: -33px !important;}\u00bb]02 Josep Tort Trabal (1922-1924)[\/vc_column_text][\/vc_column][vc_column width=\u00bb1\/6&#8243; offset=\u00bbvc_col-xs-6&#8243;][vc_single_image image=\u00bb528&#8243; img_size=\u00bbfull\u00bb curly_max_width=\u00bb80%\u00bb el_class=\u00bbxtd-hover-05&#8243;][vc_column_text el_class=\u00bbxtd-hover-05&#8243; css=\u00bb.vc_custom_1689959900412{margin-top: -33px !important;}\u00bb]03 Francesc Modolell (1924-1925)[\/vc_column_text][\/vc_column][vc_column width=\u00bb1\/6&#8243; offset=\u00bbvc_col-xs-6&#8243;][vc_single_image image=\u00bb527&#8243; img_size=\u00bbfull\u00bb curly_max_width=\u00bb80%\u00bb el_class=\u00bbxtd-hover-05&#8243;][vc_column_text el_class=\u00bbxtd-hover-05&#8243; css=\u00bb.vc_custom_1689959911398{margin-top: -33px !important;}\u00bb]04 Frances Madorell (1925-1928)[\/vc_column_text][\/vc_column][vc_column width=\u00bb1\/6&#8243; offset=\u00bbvc_col-xs-6&#8243;][vc_single_image image=\u00bb526&#8243; img_size=\u00bbfull\u00bb curly_max_width=\u00bb80%\u00bb el_class=\u00bbxtd-hover-05&#8243;][vc_column_text el_class=\u00bbxtd-hover-05&#8243; css=\u00bb.vc_custom_1689959921144{margin-top: -33px !important;}\u00bb]05 Josep Campmany (1928-1930)[\/vc_column_text][\/vc_column][vc_column width=\u00bb1\/6&#8243; offset=\u00bbvc_col-xs-6&#8243;][vc_single_image image=\u00bb525&#8243; img_size=\u00bbfull\u00bb curly_max_width=\u00bb80%\u00bb el_class=\u00bbxtd-hover-05&#8243;][vc_column_text el_class=\u00bbxtd-hover-05&#8243; css=\u00bb.vc_custom_1689959929059{margin-top: -33px !important;}\u00bb]06 Josep Mestres (1930-1932)[\/vc_column_text][\/vc_column][vc_column width=\u00bb1\/6&#8243; offset=\u00bbvc_col-xs-6&#8243;][vc_single_image image=\u00bb524&#8243; img_size=\u00bbfull\u00bb curly_max_width=\u00bb80%\u00bb el_class=\u00bbxtd-hover-05&#8243;][vc_column_text el_class=\u00bbxtd-hover-05&#8243; css=\u00bb.vc_custom_1689959940656{margin-top: -33px !important;}\u00bb]07 Jaume Bosch (1932-1934)[\/vc_column_text][\/vc_column][\/vc_row]\n<\/div>","protected":false},"excerpt":{"rendered":"<p>[vc_row curly_padding=\u00bbcontent-padding-xl\u00bb][vc_column el_class=\u00bbxtd-spacer&#8211;lg\u00bb css=\u00bb.vc_custom_1689678450617{padding-bottom: -40px !important;}\u00bb][vc_column_text] Foment Cultural i Art\u00edstic [\/vc_column_text][vc_column_text css=\u00bb.vc_custom_1689851932900{padding-right: 40px !important;padding-left: 60px !important;}\u00bb]El Foment Cultural y Art\u00edstic de Molins de Rei es una entidad centenaria, sin \u00e1nimo de lucro, que tiene como finalidad la promoci\u00f3n y fomento de la cultura en todos sus registros. Consideramos la cultura un bien esencial y es por este motivo que trabajamos [&hellip;]<\/p>\n","protected":false},"author":1,"featured_media":0,"parent":0,"menu_order":0,"comment_status":"closed","ping_status":"closed","template":"","meta":{"inline_featured_image":false,"footnotes":""},"class_list":["post-147","page","type-page","status-publish","hentry"],"yoast_head":"<!-- This site is optimized with the Yoast SEO plugin v27.2 - https:\/\/yoast.com\/product\/yoast-seo-wordpress\/ -->\n<title>Inicio - Foment Molins Cultural<\/title>\n<meta name=\"robots\" content=\"index, follow, max-snippet:-1, max-image-preview:large, max-video-preview:-1\" \/>\n<link rel=\"canonical\" href=\"https:\/\/fomentmolins.cat\/es\/\" \/>\n<meta property=\"og:locale\" content=\"es_ES\" \/>\n<meta property=\"og:type\" content=\"article\" \/>\n<meta property=\"og:title\" content=\"Inicio - Foment Molins Cultural\" \/>\n<meta property=\"og:description\" content=\"[vc_row curly_padding=\u00bbcontent-padding-xl\u00bb][vc_column el_class=\u00bbxtd-spacer&#8211;lg\u00bb css=\u00bb.vc_custom_1689678450617{padding-bottom: -40px !important;}\u00bb][vc_column_text] Foment Cultural i Art\u00edstic [\/vc_column_text][vc_column_text css=\u00bb.vc_custom_1689851932900{padding-right: 40px !important;padding-left: 60px !important;}\u00bb]El Foment Cultural y Art\u00edstic de Molins de Rei es una entidad centenaria, sin \u00e1nimo de lucro, que tiene como finalidad la promoci\u00f3n y fomento de la cultura en todos sus registros. Consideramos la cultura un bien esencial y es por este motivo que trabajamos [&hellip;]\" \/>\n<meta property=\"og:url\" content=\"https:\/\/fomentmolins.cat\/es\/\" \/>\n<meta property=\"og:site_name\" content=\"Foment Molins Cultural\" \/>\n<meta property=\"article:modified_time\" content=\"2023-07-21T17:19:04+00:00\" \/>\n<meta name=\"twitter:card\" content=\"summary_large_image\" \/>\n<meta name=\"twitter:label1\" content=\"Tiempo de lectura\" \/>\n\t<meta name=\"twitter:data1\" content=\"4 minutos\" \/>\n<script type=\"application\/ld+json\" class=\"yoast-schema-graph\">{\"@context\":\"https:\/\/schema.org\",\"@graph\":[{\"@type\":\"WebPage\",\"@id\":\"https:\/\/fomentmolins.cat\/es\/\",\"url\":\"https:\/\/fomentmolins.cat\/es\/\",\"name\":\"Inicio - Foment Molins Cultural\",\"isPartOf\":{\"@id\":\"https:\/\/fomentmolins.cat\/es\/#website\"},\"datePublished\":\"2017-06-14T18:00:06+00:00\",\"dateModified\":\"2023-07-21T17:19:04+00:00\",\"breadcrumb\":{\"@id\":\"https:\/\/fomentmolins.cat\/es\/#breadcrumb\"},\"inLanguage\":\"es\",\"potentialAction\":[{\"@type\":\"ReadAction\",\"target\":[\"https:\/\/fomentmolins.cat\/es\/\"]}]},{\"@type\":\"BreadcrumbList\",\"@id\":\"https:\/\/fomentmolins.cat\/es\/#breadcrumb\",\"itemListElement\":[{\"@type\":\"ListItem\",\"position\":1,\"name\":\"Portada\",\"item\":\"https:\/\/fomentmolins.cat\/es\/\"},{\"@type\":\"ListItem\",\"position\":2,\"name\":\"Inicio\"}]},{\"@type\":\"WebSite\",\"@id\":\"https:\/\/fomentmolins.cat\/es\/#website\",\"url\":\"https:\/\/fomentmolins.cat\/es\/\",\"name\":\"Foment Molins Cultural\",\"description\":\"\",\"potentialAction\":[{\"@type\":\"SearchAction\",\"target\":{\"@type\":\"EntryPoint\",\"urlTemplate\":\"https:\/\/fomentmolins.cat\/es\/?s={search_term_string}\"},\"query-input\":{\"@type\":\"PropertyValueSpecification\",\"valueRequired\":true,\"valueName\":\"search_term_string\"}}],\"inLanguage\":\"es\"}]}<\/script>\n<!-- \/ Yoast SEO plugin. -->","yoast_head_json":{"title":"Inicio - Foment Molins Cultural","robots":{"index":"index","follow":"follow","max-snippet":"max-snippet:-1","max-image-preview":"max-image-preview:large","max-video-preview":"max-video-preview:-1"},"canonical":"https:\/\/fomentmolins.cat\/es\/","og_locale":"es_ES","og_type":"article","og_title":"Inicio - Foment Molins Cultural","og_description":"[vc_row curly_padding=\u00bbcontent-padding-xl\u00bb][vc_column el_class=\u00bbxtd-spacer&#8211;lg\u00bb css=\u00bb.vc_custom_1689678450617{padding-bottom: -40px !important;}\u00bb][vc_column_text] Foment Cultural i Art\u00edstic [\/vc_column_text][vc_column_text css=\u00bb.vc_custom_1689851932900{padding-right: 40px !important;padding-left: 60px !important;}\u00bb]El Foment Cultural y Art\u00edstic de Molins de Rei es una entidad centenaria, sin \u00e1nimo de lucro, que tiene como finalidad la promoci\u00f3n y fomento de la cultura en todos sus registros. Consideramos la cultura un bien esencial y es por este motivo que trabajamos [&hellip;]","og_url":"https:\/\/fomentmolins.cat\/es\/","og_site_name":"Foment Molins Cultural","article_modified_time":"2023-07-21T17:19:04+00:00","twitter_card":"summary_large_image","twitter_misc":{"Tiempo de lectura":"4 minutos"},"schema":{"@context":"https:\/\/schema.org","@graph":[{"@type":"WebPage","@id":"https:\/\/fomentmolins.cat\/es\/","url":"https:\/\/fomentmolins.cat\/es\/","name":"Inicio - Foment Molins Cultural","isPartOf":{"@id":"https:\/\/fomentmolins.cat\/es\/#website"},"datePublished":"2017-06-14T18:00:06+00:00","dateModified":"2023-07-21T17:19:04+00:00","breadcrumb":{"@id":"https:\/\/fomentmolins.cat\/es\/#breadcrumb"},"inLanguage":"es","potentialAction":[{"@type":"ReadAction","target":["https:\/\/fomentmolins.cat\/es\/"]}]},{"@type":"BreadcrumbList","@id":"https:\/\/fomentmolins.cat\/es\/#breadcrumb","itemListElement":[{"@type":"ListItem","position":1,"name":"Portada","item":"https:\/\/fomentmolins.cat\/es\/"},{"@type":"ListItem","position":2,"name":"Inicio"}]},{"@type":"WebSite","@id":"https:\/\/fomentmolins.cat\/es\/#website","url":"https:\/\/fomentmolins.cat\/es\/","name":"Foment Molins Cultural","description":"","potentialAction":[{"@type":"SearchAction","target":{"@type":"EntryPoint","urlTemplate":"https:\/\/fomentmolins.cat\/es\/?s={search_term_string}"},"query-input":{"@type":"PropertyValueSpecification","valueRequired":true,"valueName":"search_term_string"}}],"inLanguage":"es"}]}},"_links":{"self":[{"href":"https:\/\/fomentmolins.cat\/es\/wp-json\/wp\/v2\/pages\/147","targetHints":{"allow":["GET"]}}],"collection":[{"href":"https:\/\/fomentmolins.cat\/es\/wp-json\/wp\/v2\/pages"}],"about":[{"href":"https:\/\/fomentmolins.cat\/es\/wp-json\/wp\/v2\/types\/page"}],"author":[{"embeddable":true,"href":"https:\/\/fomentmolins.cat\/es\/wp-json\/wp\/v2\/users\/1"}],"replies":[{"embeddable":true,"href":"https:\/\/fomentmolins.cat\/es\/wp-json\/wp\/v2\/comments?post=147"}],"version-history":[{"count":37,"href":"https:\/\/fomentmolins.cat\/es\/wp-json\/wp\/v2\/pages\/147\/revisions"}],"predecessor-version":[{"id":1392,"href":"https:\/\/fomentmolins.cat\/es\/wp-json\/wp\/v2\/pages\/147\/revisions\/1392"}],"wp:attachment":[{"href":"https:\/\/fomentmolins.cat\/es\/wp-json\/wp\/v2\/media?parent=147"}],"curies":[{"name":"wp","href":"https:\/\/api.w.org\/{rel}","templated":true}]}}