{"id":24,"date":"2017-06-14T21:43:57","date_gmt":"2017-06-14T19:43:57","guid":{"rendered":"http:\/\/demo.curlythemes.com\/theatrewp\/?page_id=24"},"modified":"2023-07-19T17:19:25","modified_gmt":"2023-07-19T15:19:25","slug":"contacto","status":"publish","type":"page","link":"https:\/\/fomentmolins.cat\/es\/contacto\/","title":{"rendered":"Contacto"},"content":{"rendered":"<div class=\"wpb-content-wrapper\">[vc_row full_width=\u00bbstretch_row\u00bb content_placement=\u00bbtop\u00bb curly_bg_repeat=\u00bbbg-no-repeat\u00bb curly_bg_position=\u00bbbg-pos-center-center\u00bb curly_bg_parallax=\u00bbtrue\u00bb css=\u00bb.vc_custom_1689470341843{background: #1a1919 url(https:\/\/fomentmolins.cat\/wp-content\/uploads\/2017\/06\/lightinthetheater.jpeg-copy.jpg?id=93) !important;background-position: center !important;background-repeat: no-repeat !important;background-size: cover !important;}\u00bb][vc_column][vc_empty_space height=\u00bb\u00bb el_class=\u00bbxtd-spacer&#8211;xl\u00bb][vc_column_text]\n<h1 class=\"special-title display-2 xtd-text-shadow--normal-hard\" style=\"text-align: center;\">Contacto<\/h1>\n[\/vc_column_text][vc_empty_space height=\u00bb\u00bb el_class=\u00bbxtd-spacer&#8211;lg\u00bb][\/vc_column][vc_column width=\u00bb1\/3&#8243;][vc_column_text]\n<h2>Oficina<\/h2>\n<h4><\/h4>\n[\/vc_column_text][\/vc_column][vc_column width=\u00bb1\/3&#8243;][vc_column_text]\n<h4>Contacto<\/h4>\n<p>TEL: <a href=\"tel:936681095\"><strong>93.668.10.95<\/strong><\/a><br \/>\nEMAIL: <a href=\"mailto:foment@fomentmolins.cat\"><strong>foment@fomentmolins.cat<\/strong><\/a><br \/>\nDIRECCI\u00d3N: <a href=\"https:\/\/www.google.com\/maps\/place\/Foment+Cultural+i+Artistic\/@41.411676,2.015305,17z\/data=!4m6!3m5!1s0x12a49a908b3f2d2f:0x5ae96e756c91eaa7!8m2!3d41.411676!4d2.0153046!16s%2Fg%2F11g0gdhwpg?hl=es&amp;entry=ttu\" target=\"_blank\" rel=\"noopener\"><strong>Passeig del Terrapl\u00e8, 49, 08750 Molins de Rei (Barcelona)<\/strong><\/a>[\/vc_column_text][vc_empty_space height=\u00bb20px\u00bb][vc_btn title=\u00bbWhatsApp\u00bb size=\u00bbsm\u00bb i_align=\u00bbright\u00bb i_icon_fontawesome=\u00bbfab fa-whatsapp\u00bb add_icon=\u00bbtrue\u00bb link=\u00bburl:%23&#8243; el_class=\u00bbxtd-modal&#8211;inline\u00bb][\/vc_column][vc_column width=\u00bb1\/3&#8243;][vc_column_text]\n<h4>Horarios<\/h4>\n<p>Dias libres<br \/>\n<strong>Abierto<\/strong><\/p>\n<p>HORARIO OFICINA<br \/>\nLunes &#8211; Viernes:\u00a0 <strong>16:00\u201320:00\u00a0<\/strong>[\/vc_column_text][\/vc_column][vc_column][vc_separator color=\u00bbcustom\u00bb accent_color=\u00bbrgba(255,255,255,0.13)\u00bb][\/vc_column][vc_column width=\u00bb1\/3&#8243;][vc_column_text]\n<h2>Consultas<\/h2>\n[\/vc_column_text][\/vc_column][vc_column width=\u00bb1\/3&#8243;][vc_column_text]\n<h4>Centros Educativos<\/h4>\n<p><strong>PRESIDENTE<\/strong>: Ermenegild Si\u00f1ol i Fern\u00e1ndez\u00a0<strong><br \/>\n<\/strong><a href=\"#\">foment@fomentmolins.cat<\/a>[\/vc_column_text][vc_empty_space height=\u00bb\u00bb el_class=\u00bbxtd-spacer\u00bb][vc_column_text]\n<h4>CONSULTAS EQUIPO<\/h4>\n<p><strong>PRESIDENTE:<\/strong> Ermenegild Si\u00f1ol i Fern\u00e1ndez<strong><br \/>\n<\/strong><a href=\"#\">foment@fomentmolins.cat<\/a><\/p>\n<h4><\/h4>\n[\/vc_column_text][\/vc_column][vc_column width=\u00bb1\/3&#8243;][vc_column_text]\n<h4>PATROCINIOS Y DONACIONES<\/h4>\n<p><strong>PRESIDENTE<\/strong>: Ermenegild Si\u00f1ol i Fern\u00e1ndez<br \/>\n<a href=\"#\">foment@fomentmolins.cat<\/a><\/p>\n<h4><\/h4>\n[\/vc_column_text][vc_empty_space height=\u00bb\u00bb el_class=\u00bbxtd-spacer\u00bb][vc_column_text]\n<h4>CONSULTAS ENTRADAS<\/h4>\n<p>OFICINAS: <strong>936 681 095<\/strong><br \/>\n<a href=\"#\">foment@fomentmolins.cat<\/a>[\/vc_column_text][\/vc_column][vc_column][vc_empty_space height=\u00bb\u00bb el_class=\u00bbxtd-spacer\u00bb][\/vc_column][\/vc_row][vc_row el_id=\u00bbgetting-here\u00bb][vc_column][vc_column_text]\n<h1 class=\"display-2 special-title\" style=\"text-align: center;\">C\u00f3mo llegar<\/h1>\n[\/vc_column_text][vc_raw_html el_class=\u00bbxtd-hover-05&#8243;]JTNDaWZyYW1lJTIwc3JjJTNEJTIyaHR0cHMlM0ElMkYlMkZ3d3cuZ29vZ2xlLmNvbSUyRm1hcHMlMkZlbWJlZCUzRnBiJTNEJTIxMW0xNCUyMTFtOCUyMTFtMyUyMTFkMjk5Mi4yNjkxMzcwODk5NjQlMjEyZDIuMDE1MzA1JTIxM2Q0MS40MTE2NzYlMjEzbTIlMjExaTEwMjQlMjEyaTc2OCUyMTRmMTMuMSUyMTNtMyUyMTFtMiUyMTFzMHgxMmE0OWE5MDhiM2YyZDJmJTI1M0EweDVhZTk2ZTc1NmM5MWVhYTclMjEyc0ZvbWVudCUyNTIwQ3VsdHVyYWwlMjUyMGklMjUyMEFydGlzdGljJTIxNWUwJTIxM20yJTIxMXNlcyUyMTJzZXMlMjE0djE2ODg0MDMxMDA5NzQlMjE1bTIlMjExc2VzJTIxMnNlcyUyMiUyMHdpZHRoJTNEJTIyMTQwMCUyMiUyMGhlaWdodCUzRCUyMjQwMCUyMiUyMHN0eWxlJTNEJTIyYm9yZGVyJTNBMCUzQiUyMiUyMGFsbG93ZnVsbHNjcmVlbiUzRCUyMiUyMiUyMGxvYWRpbmclM0QlMjJsYXp5JTIyJTIwcmVmZXJyZXJwb2xpY3klM0QlMjJuby1yZWZlcnJlci13aGVuLWRvd25ncmFkZSUyMiUzRSUzQyUyRmlmcmFtZSUzRQ==[\/vc_raw_html][\/vc_column][vc_column width=\u00bb5\/6&#8243; offset=\u00bbvc_col-sm-offset-1&#8243;][vc_column_text]\n<p class=\"lead\" style=\"text-align: center;\">Passeig del Terrapl\u00e8, 49, 08750 Molins de Rei, Barcelona<\/p>\n[\/vc_column_text][vc_empty_space height=\u00bb\u00bb el_class=\u00bbxtd-spacer\u00bb][vc_row_inner gap=\u00bb35&#8243;][vc_column_inner width=\u00bb1\/2&#8243; css=\u00bb.vc_custom_1496332454267{padding-right: 2rem !important;}\u00bb][vc_column_text]\n<h4>EN BUS<\/h4>\n<div>L62 Av. Val\u00e8ncia &#8211; Verge del Pilar<\/div>\n<div>MB1 Pg Terrapl\u00e8 &#8211; Foment<\/div>\n<div>MB1 Pl Llibertat<\/div>\n<div><\/div>\n<div><\/div>\n<h4><\/h4>\n<h4>EN TREN<\/h4>\n<p>Cada media hora en la estaci\u00f3n de cercan\u00edas<\/p>\n<h4><\/h4>\n[\/vc_column_text][\/vc_column_inner][vc_column_inner width=\u00bb1\/2&#8243; css=\u00bb.vc_custom_1496332459319{padding-left: 2rem !important;}\u00bb][vc_column_text]\n<h4>Parking cercano<\/h4>\n<p>Aparcamiento de zona azul regulada, a 50 metros[\/vc_column_text][\/vc_column_inner][\/vc_row_inner][\/vc_column][\/vc_row][vc_row full_width=\u00bbstretch_row\u00bb css=\u00bb.vc_custom_1497613070260{background-color: #1a1919 !important;}\u00bb el_id=\u00bbtickets-info\u00bb][vc_column width=\u00bb5\/12&#8243;][vc_column_text]\n<h1 class=\"dspecial-title special-title\" style=\"text-align: left;\">Entradas<\/h1>\n[\/vc_column_text][vc_empty_space height=\u00bb\u00bb el_class=\u00bbxtd-spacer\u00bb][vc_column_text]\n<p class=\"lead\">Inf\u00f3rmate de la venta de entradas de todos los eventos que tenemos en Foment Cultural i Art\u00edstic de Molins de Rei<\/p>\n<p>Las entradas se pueden comprar:<\/p>\n<ul>\n<li>Online en la Web<\/li>\n<li>Venta anticipada: web y el primer lunes de cada mes en la taquilla de 18 a 20 horas.<\/li>\n<li>En taquilla, una hora antes del espect\u00e1culo<\/li>\n<\/ul>\n[\/vc_column_text][\/vc_column][vc_column width=\u00bb1\/2&#8243; offset=\u00bbvc_col-sm-offset-1&#8243;][vc_single_image image=\u00bb330&#8243; img_size=\u00bbfull\u00bb style=\u00bbxtd-shadow&#8211;large-hard\u00bb el_class=\u00bbxtd-offset-frame\u00bb][\/vc_column][\/vc_row][vc_row full_width=\u00bbstretch_row\u00bb curly_padding=\u00bbcontent-padding-lg\u00bb css=\u00bb.vc_custom_1497613080015{background-color: rgba(242,241,239,0.05) !important;*background-color: rgb(242,241,239) !important;}\u00bb el_id=\u00bbaudience\u00bb][vc_column width=\u00bb1\/2&#8243;][vc_single_image image=\u00bb685&#8243; img_size=\u00bbfull\u00bb style=\u00bbxtd-shadow&#8211;large-normal\u00bb el_class=\u00bbxtd-offset-frame\u00bb][vc_column_text]<strong>Teatro Foment, un escenario de inclusi\u00f3n y accesibilidad para personas con movilidad reducida y dificultades auditivas<\/strong><\/p>\n<p>El Teatro Foment, un verdadero templo de las artes esc\u00e9nicas, pone en alto su compromiso con la inclusi\u00f3n y la accesibilidad universal. A lo largo de los a\u00f1os, se ha adaptado progresivamente para garantizar que todos, sin excepci\u00f3n, puedan disfrutar de la riqueza de la cultura y las actuaciones que se presentan en su escenario.<\/p>\n<p>La accesibilidad es un elemento fundamental de nuestro teatro, creemos en el derecho de todos a la cultura y al arte, y trabajamos constantemente para eliminar cualquier barrera que pueda impedir que alguien disfrute de la magia del teatro. En el Teatro Foment, todos son bienvenidos.[\/vc_column_text][\/vc_column][vc_column width=\u00bb5\/12&#8243; offset=\u00bbvc_col-sm-offset-1&#8243;][vc_column_text]\n<h1 class=\"special-title\" style=\"text-align: left;\">Accesibilidad<\/h1>\n[\/vc_column_text][vc_empty_space height=\u00bb\u00bb el_class=\u00bbxtd-spacer\u00bb][vc_message message_box_color=\u00bbblack\u00bb icon_fontawesome=\u00bbfas fa-wheelchair\u00bb]\n<h4><span style=\"color: #c8ad8c;\">ACCESOS PARA SILLA DE RUEDAS<\/span><\/h4>\n[\/vc_message][vc_column_text]Hoy en d\u00eda, nos enorgullece afirmar que el Teatro Foment est\u00e1 plenamente adaptado para personas con movilidad reducida y usuarios de sillas de ruedas. Todo se ha pensado para proporcionar una experiencia confortable, segura y digna para todos nuestros visitantes.<\/p>\n<h4><\/h4>\n[\/vc_column_text][vc_message message_box_color=\u00bbblack\u00bb icon_fontawesome=\u00bbfas fa-assistive-listening-systems\u00bb]\n<h4><span style=\"color: #c8ad8c;\">SISTEMA DE SONIDO ADAPTADO A PERSONAS CON PROBLEMAS DE AUDICI\u00d3N<\/span><\/h4>\n[\/vc_message][vc_empty_space height=\u00bb\u00bb el_class=\u00bbxtd-spacer\u00bb][vc_column_text]Esta soluci\u00f3n permite que los espacios culturales sean accesibles para personas con discapacidad auditiva y tambi\u00e9n la podr\u00e1n utilizar personas usuarias de pr\u00f3tesis auditivas con posici\u00f3n T (bucle magn\u00e9tico) Contaremos con 24 sistemas.<\/p>\n<ul>\n<li><strong>Bucle magn\u00e9tico individual:<\/strong>\u00a0Este sistema va dirigido a usuarios sin pr\u00f3tesis auditivas o aud\u00edfonos sin posici\u00f3n T.<\/li>\n<li><strong>Sonido amplificado con auriculares:\u00a0<\/strong>Este sistema va dirigido a usuarios sin pr\u00f3tesis auditivas o aud\u00edfonos sin posici\u00f3n T.<\/li>\n<\/ul>\n<h4><\/h4>\n[\/vc_column_text][\/vc_column][\/vc_row][vc_row xtender_is_modal=\u00bbtrue\u00bb el_id=\u00bbmy-modal\u00bb css=\u00bb.vc_custom_1497288400676{padding-right: 4rem !important;padding-left: 4rem !important;background-color: #181616 !important;}\u00bb el_class=\u00bbxtd-shadow&#8211;large-hard\u00bb][vc_column][vc_column_text][ninja_form id=\u00bb1&#8243;][\/vc_column_text][\/vc_column][\/vc_row]\n<\/div>","protected":false},"excerpt":{"rendered":"<p>[vc_row full_width=\u00bbstretch_row\u00bb content_placement=\u00bbtop\u00bb curly_bg_repeat=\u00bbbg-no-repeat\u00bb curly_bg_position=\u00bbbg-pos-center-center\u00bb curly_bg_parallax=\u00bbtrue\u00bb css=\u00bb.vc_custom_1689470341843{background: #1a1919 url(https:\/\/fomentmolins.cat\/wp-content\/uploads\/2017\/06\/lightinthetheater.jpeg-copy.jpg?id=93) !important;background-position: center !important;background-repeat: no-repeat !important;background-size: cover !important;}\u00bb][vc_column][vc_empty_space height=\u00bb\u00bb el_class=\u00bbxtd-spacer&#8211;xl\u00bb][vc_column_text] Contacto [\/vc_column_text][vc_empty_space height=\u00bb\u00bb el_class=\u00bbxtd-spacer&#8211;lg\u00bb][\/vc_column][vc_column width=\u00bb1\/3&#8243;][vc_column_text] Oficina [\/vc_column_text][\/vc_column][vc_column width=\u00bb1\/3&#8243;][vc_column_text] Contacto TEL: 93.668.10.95 EMAIL: foment@fomentmolins.cat DIRECCI\u00d3N: Passeig del Terrapl\u00e8, 49, 08750 Molins de Rei (Barcelona)[\/vc_column_text][vc_empty_space height=\u00bb20px\u00bb][vc_btn title=\u00bbWhatsApp\u00bb size=\u00bbsm\u00bb i_align=\u00bbright\u00bb i_icon_fontawesome=\u00bbfab fa-whatsapp\u00bb add_icon=\u00bbtrue\u00bb link=\u00bburl:%23&#8243; el_class=\u00bbxtd-modal&#8211;inline\u00bb][\/vc_column][vc_column width=\u00bb1\/3&#8243;][vc_column_text] Horarios Dias libres Abierto HORARIO OFICINA Lunes &#8211; Viernes:\u00a0 [&hellip;]<\/p>\n","protected":false},"author":1,"featured_media":0,"parent":0,"menu_order":0,"comment_status":"closed","ping_status":"closed","template":"","meta":{"inline_featured_image":false,"footnotes":""},"class_list":["post-24","page","type-page","status-publish","hentry"],"yoast_head":"<!-- This site is optimized with the Yoast SEO plugin v27.2 - https:\/\/yoast.com\/product\/yoast-seo-wordpress\/ -->\n<title>Contacto - Foment Molins Cultural<\/title>\n<meta name=\"robots\" content=\"index, follow, max-snippet:-1, max-image-preview:large, max-video-preview:-1\" \/>\n<link rel=\"canonical\" href=\"https:\/\/fomentmolins.cat\/es\/contacto\/\" \/>\n<meta property=\"og:locale\" content=\"es_ES\" \/>\n<meta property=\"og:type\" content=\"article\" \/>\n<meta property=\"og:title\" content=\"Contacto - Foment Molins Cultural\" \/>\n<meta property=\"og:description\" content=\"[vc_row full_width=\u00bbstretch_row\u00bb content_placement=\u00bbtop\u00bb curly_bg_repeat=\u00bbbg-no-repeat\u00bb curly_bg_position=\u00bbbg-pos-center-center\u00bb curly_bg_parallax=\u00bbtrue\u00bb css=\u00bb.vc_custom_1689470341843{background: #1a1919 url(https:\/\/fomentmolins.cat\/wp-content\/uploads\/2017\/06\/lightinthetheater.jpeg-copy.jpg?id=93) !important;background-position: center !important;background-repeat: no-repeat !important;background-size: cover !important;}\u00bb][vc_column][vc_empty_space height=\u00bb\u00bb el_class=\u00bbxtd-spacer&#8211;xl\u00bb][vc_column_text] Contacto [\/vc_column_text][vc_empty_space height=\u00bb\u00bb el_class=\u00bbxtd-spacer&#8211;lg\u00bb][\/vc_column][vc_column width=\u00bb1\/3&#8243;][vc_column_text] Oficina [\/vc_column_text][\/vc_column][vc_column width=\u00bb1\/3&#8243;][vc_column_text] Contacto TEL: 93.668.10.95 EMAIL: foment@fomentmolins.cat DIRECCI\u00d3N: Passeig del Terrapl\u00e8, 49, 08750 Molins de Rei (Barcelona)[\/vc_column_text][vc_empty_space height=\u00bb20px\u00bb][vc_btn title=\u00bbWhatsApp\u00bb size=\u00bbsm\u00bb i_align=\u00bbright\u00bb i_icon_fontawesome=\u00bbfab fa-whatsapp\u00bb add_icon=\u00bbtrue\u00bb link=\u00bburl:%23&#8243; el_class=\u00bbxtd-modal&#8211;inline\u00bb][\/vc_column][vc_column width=\u00bb1\/3&#8243;][vc_column_text] Horarios Dias libres Abierto HORARIO OFICINA Lunes &#8211; Viernes:\u00a0 [&hellip;]\" \/>\n<meta property=\"og:url\" content=\"https:\/\/fomentmolins.cat\/es\/contacto\/\" \/>\n<meta property=\"og:site_name\" content=\"Foment Molins Cultural\" \/>\n<meta property=\"article:modified_time\" content=\"2023-07-19T15:19:25+00:00\" \/>\n<meta name=\"twitter:card\" content=\"summary_large_image\" \/>\n<meta name=\"twitter:label1\" content=\"Tiempo de lectura\" \/>\n\t<meta name=\"twitter:data1\" content=\"3 minutos\" \/>\n<script type=\"application\/ld+json\" class=\"yoast-schema-graph\">{\"@context\":\"https:\/\/schema.org\",\"@graph\":[{\"@type\":\"WebPage\",\"@id\":\"https:\/\/fomentmolins.cat\/es\/contacto\/\",\"url\":\"https:\/\/fomentmolins.cat\/es\/contacto\/\",\"name\":\"Contacto - Foment Molins Cultural\",\"isPartOf\":{\"@id\":\"https:\/\/fomentmolins.cat\/es\/#website\"},\"datePublished\":\"2017-06-14T19:43:57+00:00\",\"dateModified\":\"2023-07-19T15:19:25+00:00\",\"breadcrumb\":{\"@id\":\"https:\/\/fomentmolins.cat\/es\/contacto\/#breadcrumb\"},\"inLanguage\":\"es\",\"potentialAction\":[{\"@type\":\"ReadAction\",\"target\":[\"https:\/\/fomentmolins.cat\/es\/contacto\/\"]}]},{\"@type\":\"BreadcrumbList\",\"@id\":\"https:\/\/fomentmolins.cat\/es\/contacto\/#breadcrumb\",\"itemListElement\":[{\"@type\":\"ListItem\",\"position\":1,\"name\":\"Portada\",\"item\":\"https:\/\/fomentmolins.cat\/es\/\"},{\"@type\":\"ListItem\",\"position\":2,\"name\":\"Contacto\"}]},{\"@type\":\"WebSite\",\"@id\":\"https:\/\/fomentmolins.cat\/es\/#website\",\"url\":\"https:\/\/fomentmolins.cat\/es\/\",\"name\":\"Foment Molins Cultural\",\"description\":\"\",\"potentialAction\":[{\"@type\":\"SearchAction\",\"target\":{\"@type\":\"EntryPoint\",\"urlTemplate\":\"https:\/\/fomentmolins.cat\/es\/?s={search_term_string}\"},\"query-input\":{\"@type\":\"PropertyValueSpecification\",\"valueRequired\":true,\"valueName\":\"search_term_string\"}}],\"inLanguage\":\"es\"}]}<\/script>\n<!-- \/ Yoast SEO plugin. -->","yoast_head_json":{"title":"Contacto - Foment Molins Cultural","robots":{"index":"index","follow":"follow","max-snippet":"max-snippet:-1","max-image-preview":"max-image-preview:large","max-video-preview":"max-video-preview:-1"},"canonical":"https:\/\/fomentmolins.cat\/es\/contacto\/","og_locale":"es_ES","og_type":"article","og_title":"Contacto - Foment Molins Cultural","og_description":"[vc_row full_width=\u00bbstretch_row\u00bb content_placement=\u00bbtop\u00bb curly_bg_repeat=\u00bbbg-no-repeat\u00bb curly_bg_position=\u00bbbg-pos-center-center\u00bb curly_bg_parallax=\u00bbtrue\u00bb css=\u00bb.vc_custom_1689470341843{background: #1a1919 url(https:\/\/fomentmolins.cat\/wp-content\/uploads\/2017\/06\/lightinthetheater.jpeg-copy.jpg?id=93) !important;background-position: center !important;background-repeat: no-repeat !important;background-size: cover !important;}\u00bb][vc_column][vc_empty_space height=\u00bb\u00bb el_class=\u00bbxtd-spacer&#8211;xl\u00bb][vc_column_text] Contacto [\/vc_column_text][vc_empty_space height=\u00bb\u00bb el_class=\u00bbxtd-spacer&#8211;lg\u00bb][\/vc_column][vc_column width=\u00bb1\/3&#8243;][vc_column_text] Oficina [\/vc_column_text][\/vc_column][vc_column width=\u00bb1\/3&#8243;][vc_column_text] Contacto TEL: 93.668.10.95 EMAIL: foment@fomentmolins.cat DIRECCI\u00d3N: Passeig del Terrapl\u00e8, 49, 08750 Molins de Rei (Barcelona)[\/vc_column_text][vc_empty_space height=\u00bb20px\u00bb][vc_btn title=\u00bbWhatsApp\u00bb size=\u00bbsm\u00bb i_align=\u00bbright\u00bb i_icon_fontawesome=\u00bbfab fa-whatsapp\u00bb add_icon=\u00bbtrue\u00bb link=\u00bburl:%23&#8243; el_class=\u00bbxtd-modal&#8211;inline\u00bb][\/vc_column][vc_column width=\u00bb1\/3&#8243;][vc_column_text] Horarios Dias libres Abierto HORARIO OFICINA Lunes &#8211; Viernes:\u00a0 [&hellip;]","og_url":"https:\/\/fomentmolins.cat\/es\/contacto\/","og_site_name":"Foment Molins Cultural","article_modified_time":"2023-07-19T15:19:25+00:00","twitter_card":"summary_large_image","twitter_misc":{"Tiempo de lectura":"3 minutos"},"schema":{"@context":"https:\/\/schema.org","@graph":[{"@type":"WebPage","@id":"https:\/\/fomentmolins.cat\/es\/contacto\/","url":"https:\/\/fomentmolins.cat\/es\/contacto\/","name":"Contacto - Foment Molins Cultural","isPartOf":{"@id":"https:\/\/fomentmolins.cat\/es\/#website"},"datePublished":"2017-06-14T19:43:57+00:00","dateModified":"2023-07-19T15:19:25+00:00","breadcrumb":{"@id":"https:\/\/fomentmolins.cat\/es\/contacto\/#breadcrumb"},"inLanguage":"es","potentialAction":[{"@type":"ReadAction","target":["https:\/\/fomentmolins.cat\/es\/contacto\/"]}]},{"@type":"BreadcrumbList","@id":"https:\/\/fomentmolins.cat\/es\/contacto\/#breadcrumb","itemListElement":[{"@type":"ListItem","position":1,"name":"Portada","item":"https:\/\/fomentmolins.cat\/es\/"},{"@type":"ListItem","position":2,"name":"Contacto"}]},{"@type":"WebSite","@id":"https:\/\/fomentmolins.cat\/es\/#website","url":"https:\/\/fomentmolins.cat\/es\/","name":"Foment Molins Cultural","description":"","potentialAction":[{"@type":"SearchAction","target":{"@type":"EntryPoint","urlTemplate":"https:\/\/fomentmolins.cat\/es\/?s={search_term_string}"},"query-input":{"@type":"PropertyValueSpecification","valueRequired":true,"valueName":"search_term_string"}}],"inLanguage":"es"}]}},"_links":{"self":[{"href":"https:\/\/fomentmolins.cat\/es\/wp-json\/wp\/v2\/pages\/24","targetHints":{"allow":["GET"]}}],"collection":[{"href":"https:\/\/fomentmolins.cat\/es\/wp-json\/wp\/v2\/pages"}],"about":[{"href":"https:\/\/fomentmolins.cat\/es\/wp-json\/wp\/v2\/types\/page"}],"author":[{"embeddable":true,"href":"https:\/\/fomentmolins.cat\/es\/wp-json\/wp\/v2\/users\/1"}],"replies":[{"embeddable":true,"href":"https:\/\/fomentmolins.cat\/es\/wp-json\/wp\/v2\/comments?post=24"}],"version-history":[{"count":26,"href":"https:\/\/fomentmolins.cat\/es\/wp-json\/wp\/v2\/pages\/24\/revisions"}],"predecessor-version":[{"id":1328,"href":"https:\/\/fomentmolins.cat\/es\/wp-json\/wp\/v2\/pages\/24\/revisions\/1328"}],"wp:attachment":[{"href":"https:\/\/fomentmolins.cat\/es\/wp-json\/wp\/v2\/media?parent=24"}],"curies":[{"name":"wp","href":"https:\/\/api.w.org\/{rel}","templated":true}]}}