{"id":25,"date":"2017-06-14T21:44:09","date_gmt":"2017-06-14T21:44:09","guid":{"rendered":"http:\/\/demo.curlythemes.com\/theatrewp\/?page_id=25"},"modified":"2026-03-23T20:30:58","modified_gmt":"2026-03-23T19:30:58","slug":"el-foment","status":"publish","type":"page","link":"https:\/\/fomentmolins.cat\/es\/el-foment\/","title":{"rendered":"El Foment"},"content":{"rendered":"<div class=\"wpb-content-wrapper\">[vc_row full_width=\u00bbstretch_row\u00bb curly_bg_repeat=\u00bbbg-no-repeat\u00bb curly_bg_position=\u00bbbg-pos-center-bottom\u00bb curly_padding=\u00bbcontent-padding-lg\u00bb css=\u00bb.vc_custom_1689459550434{margin-top: 25px !important;padding-top: 15% !important;background-image: url(https:\/\/fomentmolins.cat\/wp-content\/uploads\/2023\/07\/guia33-molins-de-rei-eventos-organizacion-restaurante-foment-molins-de-rei-11675_negro-1.jpg?id=834) !important;background-position: center !important;background-repeat: no-repeat !important;background-size: cover !important;}\u00bb][vc_column width=\u00bb1\/2&#8243; css=\u00bb.vc_custom_1688982498152{margin-top: 40px !important;}\u00bb][vc_column_text]\n<h1 class=\"special-title display-1\">El Foment<\/h1>\n[\/vc_column_text][vc_empty_space height=\u00bb\u00bb el_class=\u00bbxtd-spacer&#8211;lg\u00bb][vc_column_text]\n<p class=\"lead lead-lg\">En 1920 nace el <em>Foment Agr\u00edcola, Industrial i Comercial<\/em> de la mano del se\u00f1or Francesc Claramunt i Vilagut quien a la vez fue el primer presidente de la entidad entre los a\u00f1os 1920 y 1922. El actual nombre de <em>Foment Cultural y Art\u00edstic<\/em> lo adquiere despu\u00e9s de la Guerra Civil, en 1936-1939.<\/p>\n[\/vc_column_text][vc_empty_space height=\u00bb\u00bb el_class=\u00bbxtd-spacer\u00bb][vc_row_inner][vc_column_inner width=\u00bb5\/6&#8243; offset=\u00bbvc_col-sm-offset-2&#8243;][vc_column_text]La finalidad de esta entidad siempre ha estado muy lejos de buscar un lucro. Foment siempre ha velado por crear y consolidar v\u00ednculos entre sus socios, que juntos buscaban una defensa y mejora de sus intereses, compartir conocimiento y ofrecer recreo y entretenimiento, dando as\u00ed vida al pueblo de Molins.<\/p>\n<p><em><b>Foment Cultura i Art\u00edstic<\/b><\/em><br \/>\nde Molins de Rei[\/vc_column_text][vc_empty_space][vc_single_image image=\u00bb53&#8243; img_size=\u00bbfull\u00bb curly_width=\u00bb140px\u00bb][\/vc_column_inner][\/vc_row_inner][\/vc_column][vc_column width=\u00bb5\/12&#8243; offset=\u00bbvc_col-sm-offset-1&#8243;][vc_single_image image=\u00bb322&#8243; img_size=\u00bblarge\u00bb style=\u00bbxtd-shadow&#8211;large-hard\u00bb el_class=\u00bbxtd-offset-frame\u00bb][\/vc_column][\/vc_row][vc_row full_width=\u00bbstretch_row\u00bb curly_bg_repeat=\u00bbbg-no-repeat\u00bb curly_bg_position=\u00bbbg-pos-center-bottom\u00bb curly_bg_parallax=\u00bbtrue\u00bb curly_padding=\u00bbcontent-padding-lg\u00bb css=\u00bb.vc_custom_1689459563808{background-image: url(https:\/\/fomentmolins.cat\/wp-content\/uploads\/2023\/07\/foto-teatro1_negro-1.jpg?id=838) !important;background-position: center !important;background-repeat: no-repeat !important;background-size: cover !important;}\u00bb el_id=\u00bbel-teatro\u00bb][vc_column width=\u00bb5\/6&#8243; offset=\u00bbvc_col-sm-offset-1&#8243;]<div class='xtd-timeline '><div class='xtd-timeline__item' data-title='Inauguraci\u00f3n'>[vc_single_image image=\u00bb323&#8243; img_size=\u00bblarge\u00bb style=\u00bbxtd-shadow&#8211;large-hard\u00bb el_class=\u00bbxtd-offset-frame\u00bb][vc_column_text css=\u00bb.vc_custom_1688297865537{margin-top: -6em !important;}\u00bb el_class=\u00bbz-index&#8211;2&#8243;]<strong class=\"font-family--h1 display-1\">1921<\/strong>[\/vc_column_text][vc_empty_space][vc_column_text]\n<p class=\"lead-sm h1--font-family\">El alcalde provoca una protesta masiva al prohibir la representaci\u00f3n de \u00abElectra\u00bb de Benito P\u00e9rez Gald\u00f3s. <em>El Foment Agr\u00edcola, Industrial i Comercial <\/em>nombre que honra la actividad de sus benefactores se inaugura durante la Fiesta Mayor de Molins de 1921. Se crea la secci\u00f3n de teatro, ajedrez, atletismo y excursionismo.<\/p>\n[\/vc_column_text]<\/div><div class='xtd-timeline__item' data-title='\u00c9xito de ``Yerma``'>[vc_single_image image=\u00bb334&#8243; img_size=\u00bblarge\u00bb style=\u00bbxtd-shadow&#8211;large-hard\u00bb el_class=\u00bbxtd-offset-frame\u00bb][vc_column_text css=\u00bb.vc_custom_1688298664395{margin-top: -6em !important;}\u00bb el_class=\u00bbz-index&#8211;2&#8243;]<strong class=\"font-family--h1 display-1\">1935<\/strong>[\/vc_column_text][vc_empty_space][vc_column_text]\n<p class=\"lead-sm h1--font-family\">He El 18 de noviembre del 1935 hay un lleno total del teatro con la Margarida Xirgu representando la obra \u00bb Yerma\u00bb acompa\u00f1ada por Garc\u00eda Lorca.<\/p>\n[\/vc_column_text]<\/div><div class='xtd-timeline__item' data-title='Ocupaci\u00f3n de la FAI'>[vc_single_image image=\u00bb352&#8243; img_size=\u00bblarge\u00bb style=\u00bbxtd-shadow&#8211;large-hard\u00bb el_class=\u00bbxtd-offset-frame\u00bb][vc_column_text css=\u00bb.vc_custom_1688299397755{margin-top: -6em !important;}\u00bb el_class=\u00bbz-index&#8211;2&#8243;]<strong class=\"font-family--h1 display-1\">1936<\/strong>[\/vc_column_text][vc_empty_space][vc_column_text]\n<p class=\"lead-sm h1--font-family\">En plena Guerra Civil el Foment fue ocupado por la FAI que lo pinta de rojo y pasa a llamarlo \u00abLa Casa del Pueblo\u00bb<\/p>\n[\/vc_column_text]<\/div><div class='xtd-timeline__item' data-title='Fiscalizaci\u00f3n de la Falange'>[vc_video link=\u00bbhttps:\/\/youtu.be\/VUu8ElF5UWw\u00bb][vc_column_text css=\u00bb.vc_custom_1688299483374{margin-top: -6em !important;}\u00bb el_class=\u00bbz-index&#8211;2&#8243;]<strong class=\"font-family--h1 display-1\">1939<\/strong>[\/vc_column_text][vc_empty_space][vc_column_text]\n<p class=\"lead-sm h1--font-family\">Una vez terminada la Guerra Civil el Foment vuelve a los socios, ahora fiscalizado por la Falange la sala pasa a llamarse \u00abFoment Cultural i Art\u00edstic.<\/p>\n<p class=\"lead-sm h1--font-family\">Josep Guardiola, Mari Santpere, Jorge Sep\u00falveda, Julieta Serrano, La Trinca y Llu\u00eds Llach entre otros pasaron por el Foment.<\/p>\n[\/vc_column_text]<\/div><\/div>[\/vc_column][\/vc_row][vc_row full_width=\u00bbstretch_row\u00bb content_placement=\u00bbmiddle\u00bb curly_padding=\u00bbcontent-padding-lg\u00bb css=\u00bb.vc_custom_1689459713151{background: #1a1919 url(https:\/\/fomentmolins.cat\/wp-content\/uploads\/2023\/07\/fotosfomentabril2013-001_negro-1.jpg?id=837) !important;background-position: center !important;background-repeat: no-repeat !important;background-size: cover !important;}\u00bb el_id=\u00bbla-actualidad\u00bb][vc_column width=\u00bb7\/12&#8243;][vc_row_inner][vc_column_inner width=\u00bb1\/2&#8243;][vc_single_image image=\u00bb344&#8243; img_size=\u00bblarge\u00bb style=\u00bbxtd-shadow&#8211;large-hard\u00bb css=\u00bb.vc_custom_1688367978965{margin-top: 40% !important;margin-right: -20% !important;margin-left: 20% !important;}\u00bb el_class=\u00bbxtd-hover-05&#8243;][\/vc_column_inner][vc_column_inner width=\u00bb1\/2&#8243;][vc_single_image image=\u00bb345&#8243; img_size=\u00bblarge\u00bb style=\u00bbxtd-shadow&#8211;large-hard\u00bb el_class=\u00bbxtd-hover-05&#8243;][\/vc_column_inner][\/vc_row_inner][\/vc_column][vc_column width=\u00bb1\/3&#8243; offset=\u00bbvc_col-sm-offset-1&#8243;][vc_empty_space height=\u00bb\u00bb el_class=\u00bbxtd-spacer\u00bb][vc_column_text]\n<h1 class=\"special-title\">Actualmente<\/h1>\n<h4>FOMENT CULTURAL I ART\u00cdSTIC<\/h4>\n<p class=\"lead\">Actualmente adem\u00e1s del teatro, mantiene las secciones de baile, billar y ajedrez. Tambi\u00e9n es sede del grupo de teatro Filagarsa que ha triunfado por toda Catalu\u00f1a con su teatro musical.<\/p>\n<p>El Teatro dispone de una escena pict\u00f3rica de Jordi Padrola. Se ha ido modernizando a lo largo de los a\u00f1os pero se ha mantenido fiel al estilo Neocl\u00e1sico que lo ha convertido en plat\u00f3 de numerosas pel\u00edculas o del programa \u00abEl Llop\u00bb con el que Terra Baixa ha vuelto, una vez m\u00e1s, a honrar al Foment.<\/p>\n<p><em><strong>El de hoy en un Foment de todos y para todos<\/strong><\/em><\/p>\n<p>TEL\u00c9FONO \/ <strong>936 681 095<\/strong><br \/>\nEMAIL \/ <a href=\"mailto:myemail@example.com\"><span class=\"has-inline-color\">foment@fomentmolins.cat<\/span><\/a>[\/vc_column_text][vc_empty_space height=\u00bb\u00bb el_class=\u00bbxtd-spacer\u00bb][vc_btn title=\u00bbAGENDA\u00bb link=\u00bburl:https%3A%2F%2Ffomentmolins.cat%2Fes%2Fagenda%2F\u00bb][\/vc_column][\/vc_row][vc_row content_placement=\u00bbmiddle\u00bb curly_padding=\u00bbcontent-padding-lg\u00bb el_id=\u00bbequipo\u00bb][vc_column width=\u00bb7\/12&#8243;][vc_column_text]\n<h1 class=\"special-title\">Qui\u00e9nes somos<\/h1>\n<p class=\"lead\">El <em>Foment Cultural i Art\u00edstic<\/em> de Molins es una entidad centenaria, sin \u00e1nimo de lucro, que tiene como fianalidad la promoci\u00f3n y fomento de la cultura en todos sus registros. Consideramos la cultura un bien esencial y es por este motivo que trabajamos para fomentar cualquier iniciativa cultural.<\/p>\n<p class=\"lead\">Nuestro prop\u00f3sito es dar cabida a cualquier persona, entidad o proyecto que tenga un valor cultural y humano. Trabajamos para ser una entidad mod\u00e9lica, con valores como el respeto por la igualdad de g\u00e9nero y potenciar la cultura verde y sostenible.<\/p>\n<p><strong>Queremos ser un eje para la cultura y necesitamos crecer como entidad fomentando actividades inclusivas para todos los p\u00fablicos. Creemos firmemente que la cultura es el motor id\u00f3neo para hacer mejor a las personas y a la sociedad.<\/strong><\/p>\n<p><strong><em>Foment<\/em> mira el futuro con modernidad y con la ilusi\u00f3n de ser la casa de todos, donde no importe de d\u00f3nde eres sino como son tus inquietudes culturales.<\/strong>[\/vc_column_text][vc_empty_space height=\u00bb\u00bb el_class=\u00bbxtd-spacer\u00bb][vc_row_inner gap=\u00bb35&#8243;][vc_column_inner width=\u00bb1\/2&#8243;][vc_column_text css=\u00bb\u00bb]\n<h4>JUNTA DIRECTIVA<\/h4>\n<p>PRESIDENTE \/ Ermenegild Si\u00f1ol<br \/>\nVICEPRESIDENTA \/ Laia Bernis<br \/>\nSECRETARIA \/ Merc\u00e8 Sol\u00e9<br \/>\nPROGRAMACI\u00d3N TEATRAL \/ Victor Marcos y Ermenegild Si\u00f1ol<br \/>\nPROGRAMACI\u00d3N FAMILIAR \/ Montse L\u00f3pez<br \/>\nPROGRAMACI\u00d3N MUSICAL \/ \u00d2scar Gonz\u00e1lez<br \/>\nRESPONSABLE T\u00c9CNICO \/ Ricard Font<br \/>\nOBRAS I MEJORAS \/ Pere Garc\u00eda<\/p>\n<h4>AJEDREZ<\/h4>\n<p>PRESIDENTE \/ Joan Niub\u00f3<br \/>\nVICEPRESIDENTE \/ Joan Ar\u00fas Oriol<br \/>\nSECRETARIO \/Eduard Palomeras<\/p>\n<p>TESORERO \/ Carles Carre\u00f1o<\/p>\n<h4><\/h4>\n[\/vc_column_text][\/vc_column_inner][vc_column_inner width=\u00bb1\/2&#8243;][vc_column_text css=\u00bb\u00bb]\n<h4>JUNTA AL BILLAR<\/h4>\n<p>Responsable de la Secci\u00f3n\/ Carles Tuset<br \/>\nTesorer\u00eda\/ Juan Perales<br \/>\nDirecci\u00f3n Deportiva\/ Juan Perales, Juan Carlos Fontanet, Jes\u00fas Herrera y Joel S\u00e1nchez<br \/>\n1\u00ba Vocal\/ Sim\u00f3n Andrino (coordinaci\u00f3n socios licencia de Actividad F\u00edsica)<br \/>\nMantenimiento\/ Antonio Rus<br \/>\nCoordinador de la escuela\/ Josep Ramon Molina<\/p>\n<h4>GRUPO DE TEATRO FILAGARSA<\/h4>\n<p>PRESIDENTE \/ Ermenegild Si\u00f1ol<br \/>\nTESORERA \/ Laia Bernis<br \/>\nSECRETARIA \/ Montse L\u00f3pez[\/vc_column_text][\/vc_column_inner][\/vc_row_inner][\/vc_column][vc_column width=\u00bb1\/4&#8243; offset=\u00bbvc_col-sm-offset-2&#8243;][vc_single_image image=\u00bb1283&#8243; img_size=\u00bbfull\u00bb style=\u00bbxtd-shadow&#8211;large-hard\u00bb el_class=\u00bbxtd-offset-frame\u00bb][vc_single_image image=\u00bb1287&#8243; img_size=\u00bbfull\u00bb style=\u00bbxtd-shadow&#8211;large-hard\u00bb css=\u00bb.vc_custom_1691328261042{margin-top: -50% !important;margin-right: 4rem !important;margin-left: -4rem !important;}\u00bb el_class=\u00bbxtd-offset-frame\u00bb][vc_single_image image=\u00bb1285&#8243; img_size=\u00bbfull\u00bb style=\u00bbxtd-shadow&#8211;large-hard\u00bb css=\u00bb.vc_custom_1691328276519{margin-top: -50% !important;margin-right: -2rem !important;margin-left: 2rem !important;}\u00bb el_class=\u00bbxtd-offset-frame\u00bb][\/vc_column][\/vc_row]\n<\/div>","protected":false},"excerpt":{"rendered":"<p>[vc_row full_width=\u00bbstretch_row\u00bb curly_bg_repeat=\u00bbbg-no-repeat\u00bb curly_bg_position=\u00bbbg-pos-center-bottom\u00bb curly_padding=\u00bbcontent-padding-lg\u00bb css=\u00bb.vc_custom_1689459550434{margin-top: 25px !important;padding-top: 15% !important;background-image: url(https:\/\/fomentmolins.cat\/wp-content\/uploads\/2023\/07\/guia33-molins-de-rei-eventos-organizacion-restaurante-foment-molins-de-rei-11675_negro-1.jpg?id=834) !important;background-position: center !important;background-repeat: no-repeat !important;background-size: cover !important;}\u00bb][vc_column width=\u00bb1\/2&#8243; css=\u00bb.vc_custom_1688982498152{margin-top: 40px !important;}\u00bb][vc_column_text] El Foment [\/vc_column_text][vc_empty_space height=\u00bb\u00bb el_class=\u00bbxtd-spacer&#8211;lg\u00bb][vc_column_text] En 1920 nace el Foment Agr\u00edcola, Industrial i Comercial de la mano del se\u00f1or Francesc Claramunt i Vilagut quien a la vez fue el primer presidente de la entidad entre los a\u00f1os 1920 [&hellip;]<\/p>\n","protected":false},"author":1,"featured_media":0,"parent":0,"menu_order":0,"comment_status":"closed","ping_status":"closed","template":"","meta":{"inline_featured_image":false,"footnotes":""},"class_list":["post-25","page","type-page","status-publish","hentry"],"yoast_head":"<!-- This site is optimized with the Yoast SEO plugin v27.2 - https:\/\/yoast.com\/product\/yoast-seo-wordpress\/ -->\n<title>El Foment - Foment Molins Cultural<\/title>\n<meta name=\"robots\" content=\"index, follow, max-snippet:-1, max-image-preview:large, max-video-preview:-1\" \/>\n<link rel=\"canonical\" href=\"https:\/\/fomentmolins.cat\/es\/el-foment\/\" \/>\n<meta property=\"og:locale\" content=\"es_ES\" \/>\n<meta property=\"og:type\" content=\"article\" \/>\n<meta property=\"og:title\" content=\"El Foment - Foment Molins Cultural\" \/>\n<meta property=\"og:description\" content=\"[vc_row full_width=\u00bbstretch_row\u00bb curly_bg_repeat=\u00bbbg-no-repeat\u00bb curly_bg_position=\u00bbbg-pos-center-bottom\u00bb curly_padding=\u00bbcontent-padding-lg\u00bb css=\u00bb.vc_custom_1689459550434{margin-top: 25px !important;padding-top: 15% !important;background-image: url(https:\/\/fomentmolins.cat\/wp-content\/uploads\/2023\/07\/guia33-molins-de-rei-eventos-organizacion-restaurante-foment-molins-de-rei-11675_negro-1.jpg?id=834) !important;background-position: center !important;background-repeat: no-repeat !important;background-size: cover !important;}\u00bb][vc_column width=\u00bb1\/2&#8243; css=\u00bb.vc_custom_1688982498152{margin-top: 40px !important;}\u00bb][vc_column_text] El Foment [\/vc_column_text][vc_empty_space height=\u00bb\u00bb el_class=\u00bbxtd-spacer&#8211;lg\u00bb][vc_column_text] En 1920 nace el Foment Agr\u00edcola, Industrial i Comercial de la mano del se\u00f1or Francesc Claramunt i Vilagut quien a la vez fue el primer presidente de la entidad entre los a\u00f1os 1920 [&hellip;]\" \/>\n<meta property=\"og:url\" content=\"https:\/\/fomentmolins.cat\/es\/el-foment\/\" \/>\n<meta property=\"og:site_name\" content=\"Foment Molins Cultural\" \/>\n<meta property=\"article:modified_time\" content=\"2026-03-23T19:30:58+00:00\" \/>\n<meta name=\"twitter:card\" content=\"summary_large_image\" \/>\n<meta name=\"twitter:label1\" content=\"Tiempo de lectura\" \/>\n\t<meta name=\"twitter:data1\" content=\"7 minutos\" \/>\n<script type=\"application\/ld+json\" class=\"yoast-schema-graph\">{\"@context\":\"https:\/\/schema.org\",\"@graph\":[{\"@type\":\"WebPage\",\"@id\":\"https:\/\/fomentmolins.cat\/es\/el-foment\/\",\"url\":\"https:\/\/fomentmolins.cat\/es\/el-foment\/\",\"name\":\"El Foment - Foment Molins Cultural\",\"isPartOf\":{\"@id\":\"https:\/\/fomentmolins.cat\/es\/#website\"},\"datePublished\":\"2017-06-14T21:44:09+00:00\",\"dateModified\":\"2026-03-23T19:30:58+00:00\",\"breadcrumb\":{\"@id\":\"https:\/\/fomentmolins.cat\/es\/el-foment\/#breadcrumb\"},\"inLanguage\":\"es\",\"potentialAction\":[{\"@type\":\"ReadAction\",\"target\":[\"https:\/\/fomentmolins.cat\/es\/el-foment\/\"]}]},{\"@type\":\"BreadcrumbList\",\"@id\":\"https:\/\/fomentmolins.cat\/es\/el-foment\/#breadcrumb\",\"itemListElement\":[{\"@type\":\"ListItem\",\"position\":1,\"name\":\"Portada\",\"item\":\"https:\/\/fomentmolins.cat\/es\/\"},{\"@type\":\"ListItem\",\"position\":2,\"name\":\"El Foment\"}]},{\"@type\":\"WebSite\",\"@id\":\"https:\/\/fomentmolins.cat\/es\/#website\",\"url\":\"https:\/\/fomentmolins.cat\/es\/\",\"name\":\"Foment Molins Cultural\",\"description\":\"\",\"potentialAction\":[{\"@type\":\"SearchAction\",\"target\":{\"@type\":\"EntryPoint\",\"urlTemplate\":\"https:\/\/fomentmolins.cat\/es\/?s={search_term_string}\"},\"query-input\":{\"@type\":\"PropertyValueSpecification\",\"valueRequired\":true,\"valueName\":\"search_term_string\"}}],\"inLanguage\":\"es\"}]}<\/script>\n<!-- \/ Yoast SEO plugin. -->","yoast_head_json":{"title":"El Foment - Foment Molins Cultural","robots":{"index":"index","follow":"follow","max-snippet":"max-snippet:-1","max-image-preview":"max-image-preview:large","max-video-preview":"max-video-preview:-1"},"canonical":"https:\/\/fomentmolins.cat\/es\/el-foment\/","og_locale":"es_ES","og_type":"article","og_title":"El Foment - Foment Molins Cultural","og_description":"[vc_row full_width=\u00bbstretch_row\u00bb curly_bg_repeat=\u00bbbg-no-repeat\u00bb curly_bg_position=\u00bbbg-pos-center-bottom\u00bb curly_padding=\u00bbcontent-padding-lg\u00bb css=\u00bb.vc_custom_1689459550434{margin-top: 25px !important;padding-top: 15% !important;background-image: url(https:\/\/fomentmolins.cat\/wp-content\/uploads\/2023\/07\/guia33-molins-de-rei-eventos-organizacion-restaurante-foment-molins-de-rei-11675_negro-1.jpg?id=834) !important;background-position: center !important;background-repeat: no-repeat !important;background-size: cover !important;}\u00bb][vc_column width=\u00bb1\/2&#8243; css=\u00bb.vc_custom_1688982498152{margin-top: 40px !important;}\u00bb][vc_column_text] El Foment [\/vc_column_text][vc_empty_space height=\u00bb\u00bb el_class=\u00bbxtd-spacer&#8211;lg\u00bb][vc_column_text] En 1920 nace el Foment Agr\u00edcola, Industrial i Comercial de la mano del se\u00f1or Francesc Claramunt i Vilagut quien a la vez fue el primer presidente de la entidad entre los a\u00f1os 1920 [&hellip;]","og_url":"https:\/\/fomentmolins.cat\/es\/el-foment\/","og_site_name":"Foment Molins Cultural","article_modified_time":"2026-03-23T19:30:58+00:00","twitter_card":"summary_large_image","twitter_misc":{"Tiempo de lectura":"7 minutos"},"schema":{"@context":"https:\/\/schema.org","@graph":[{"@type":"WebPage","@id":"https:\/\/fomentmolins.cat\/es\/el-foment\/","url":"https:\/\/fomentmolins.cat\/es\/el-foment\/","name":"El Foment - Foment Molins Cultural","isPartOf":{"@id":"https:\/\/fomentmolins.cat\/es\/#website"},"datePublished":"2017-06-14T21:44:09+00:00","dateModified":"2026-03-23T19:30:58+00:00","breadcrumb":{"@id":"https:\/\/fomentmolins.cat\/es\/el-foment\/#breadcrumb"},"inLanguage":"es","potentialAction":[{"@type":"ReadAction","target":["https:\/\/fomentmolins.cat\/es\/el-foment\/"]}]},{"@type":"BreadcrumbList","@id":"https:\/\/fomentmolins.cat\/es\/el-foment\/#breadcrumb","itemListElement":[{"@type":"ListItem","position":1,"name":"Portada","item":"https:\/\/fomentmolins.cat\/es\/"},{"@type":"ListItem","position":2,"name":"El Foment"}]},{"@type":"WebSite","@id":"https:\/\/fomentmolins.cat\/es\/#website","url":"https:\/\/fomentmolins.cat\/es\/","name":"Foment Molins Cultural","description":"","potentialAction":[{"@type":"SearchAction","target":{"@type":"EntryPoint","urlTemplate":"https:\/\/fomentmolins.cat\/es\/?s={search_term_string}"},"query-input":{"@type":"PropertyValueSpecification","valueRequired":true,"valueName":"search_term_string"}}],"inLanguage":"es"}]}},"_links":{"self":[{"href":"https:\/\/fomentmolins.cat\/es\/wp-json\/wp\/v2\/pages\/25","targetHints":{"allow":["GET"]}}],"collection":[{"href":"https:\/\/fomentmolins.cat\/es\/wp-json\/wp\/v2\/pages"}],"about":[{"href":"https:\/\/fomentmolins.cat\/es\/wp-json\/wp\/v2\/types\/page"}],"author":[{"embeddable":true,"href":"https:\/\/fomentmolins.cat\/es\/wp-json\/wp\/v2\/users\/1"}],"replies":[{"embeddable":true,"href":"https:\/\/fomentmolins.cat\/es\/wp-json\/wp\/v2\/comments?post=25"}],"version-history":[{"count":40,"href":"https:\/\/fomentmolins.cat\/es\/wp-json\/wp\/v2\/pages\/25\/revisions"}],"predecessor-version":[{"id":3669,"href":"https:\/\/fomentmolins.cat\/es\/wp-json\/wp\/v2\/pages\/25\/revisions\/3669"}],"wp:attachment":[{"href":"https:\/\/fomentmolins.cat\/es\/wp-json\/wp\/v2\/media?parent=25"}],"curies":[{"name":"wp","href":"https:\/\/api.w.org\/{rel}","templated":true}]}}