{"id":477,"date":"2023-07-03T12:48:48","date_gmt":"2023-07-03T10:48:48","guid":{"rendered":"https:\/\/fomentmolins.cat\/wordpress\/?page_id=477"},"modified":"2023-07-19T15:38:04","modified_gmt":"2023-07-19T13:38:04","slug":"instalaciones","status":"publish","type":"page","link":"https:\/\/fomentmolins.cat\/es\/instalaciones\/","title":{"rendered":"Instalaciones"},"content":{"rendered":"<div class=\"wpb-content-wrapper\">[vc_row full_width=\u00bbstretch_row\u00bb curly_bg_repeat=\u00bbbg-no-repeat\u00bb curly_bg_position=\u00bbbg-pos-center-bottom\u00bb curly_bg_parallax=\u00bbtrue\u00bb css=\u00bb.vc_custom_1689459818275{padding-top: 12rem !important;background-image: url(https:\/\/fomentmolins.cat\/wp-content\/uploads\/2023\/07\/el-foment_negro-1.jpg?id=836) !important;background-position: center !important;background-repeat: no-repeat !important;background-size: cover !important;}\u00bb el_id=\u00bbcafe\u00bb][vc_column width=\u00bb5\/12&#8243;][vc_column_text]\n<h1 class=\"display-1 special-title\"><small>Foment Molins<\/small>Caf\u00e9<\/h1>\n<p class=\"lead lead-lg\">DESDE 1921 LUGAR EMBLEM\u00c1TICO DE REUNI\u00d3N<\/p>\n<p>El Caf\u00e9 del Foment es un lugar emblem\u00e1tico de reuni\u00f3n y encuentro. Cuenta con una magn\u00edfica arquitectura y construcci\u00f3n de principios del siglo XX.<\/p>\n<p>Se trata de un amplio espacio ideal para albergar reservas de grupo o tomar un caf\u00e9 mientras se lee y se comparten tertulias.<\/p>\n<p><a class=\"btn btn-link\" href=\"https:\/\/www.restaurantefoment.com\/\">Visitar restaurante<\/a>[\/vc_column_text][\/vc_column][vc_column width=\u00bb1\/2&#8243; offset=\u00bbvc_col-sm-offset-1&#8243;]<div class='xtd-carousel-mini__container   vc_custom_1497347944598'><div class='xtd-carousel-mini'><div class='owl-carousel' data-autoplay='false' data-timeout='0' data-hover='true' data-loop='false' data-dots='true'>[vc_single_image image=\u00bb565&#8243; img_size=\u00bbfull\u00bb style=\u00bbxtd-shadow&#8211;normal-hard\u00bb onclick=\u00bblink_image\u00bb el_class=\u00bbxtd-offset-frame\u00bb css=\u00bb.vc_custom_1688647114514{margin-right: 4rem !important;}\u00bb][vc_single_image image=\u00bb566&#8243; img_size=\u00bbfull\u00bb style=\u00bbxtd-shadow&#8211;normal-hard\u00bb onclick=\u00bblink_image\u00bb el_class=\u00bbxtd-offset-frame\u00bb css=\u00bb.vc_custom_1688647133291{margin-right: 4rem !important;}\u00bb][vc_single_image image=\u00bb568&#8243; img_size=\u00bbfull\u00bb style=\u00bbxtd-shadow&#8211;normal-hard\u00bb onclick=\u00bblink_image\u00bb el_class=\u00bbxtd-offset-frame\u00bb css=\u00bb.vc_custom_1688647160110{margin-right: 4rem !important;}\u00bb][vc_single_image image=\u00bb569&#8243; img_size=\u00bbfull\u00bb style=\u00bbxtd-shadow&#8211;normal-hard\u00bb onclick=\u00bblink_image\u00bb el_class=\u00bbxtd-offset-frame\u00bb css=\u00bb.vc_custom_1688647185289{margin-right: 4rem !important;}\u00bb][vc_single_image image=\u00bb570&#8243; img_size=\u00bbfull\u00bb style=\u00bbxtd-shadow&#8211;normal-hard\u00bb onclick=\u00bblink_image\u00bb el_class=\u00bbxtd-offset-frame\u00bb css=\u00bb.vc_custom_1688647214773{margin-right: 4rem !important;}\u00bb]<\/div><\/div><\/div>[\/vc_column][\/vc_row][vc_row full_width=\u00bbstretch_row\u00bb curly_bg_repeat=\u00bbbg-no-repeat\u00bb curly_bg_position=\u00bbbg-pos-center-bottom\u00bb curly_bg_parallax=\u00bbtrue\u00bb css=\u00bb.vc_custom_1689459835271{padding-top: 40px !important;background-image: url(https:\/\/fomentmolins.cat\/wp-content\/uploads\/2023\/07\/fotosfomentabril2013-001_negro-1.jpg?id=837) !important;background-position: center !important;background-repeat: no-repeat !important;background-size: cover !important;}\u00bb el_id=\u00bbedificio\u00bb][vc_column width=\u00bb1\/2&#8243;]<div class='xtd-carousel-mini__container   vc_custom_1497347944598'><div class='xtd-carousel-mini'><div class='owl-carousel' data-autoplay='false' data-timeout='0' data-hover='true' data-loop='false' data-dots='true'>[vc_single_image image=\u00bb572&#8243; img_size=\u00bbfull\u00bb style=\u00bbxtd-shadow&#8211;normal-hard\u00bb onclick=\u00bblink_image\u00bb el_class=\u00bbxtd-offset-frame\u00bb css=\u00bb.vc_custom_1688655199100{margin-right: 4rem !important;}\u00bb][vc_single_image image=\u00bb569&#8243; img_size=\u00bbfull\u00bb style=\u00bbxtd-shadow&#8211;normal-hard\u00bb onclick=\u00bblink_image\u00bb el_class=\u00bbxtd-offset-frame\u00bb css=\u00bb.vc_custom_1689773880913{margin-right: 4rem !important;}\u00bb]<\/div><\/div><\/div>[\/vc_column][vc_column width=\u00bb5\/12&#8243; offset=\u00bbvc_col-sm-offset-1&#8243;][vc_column_text]\n<h1 class=\"display-1 special-title\"><small>Foment Molins<\/small>Edificio<\/h1>\n<p class=\"lead lead-lg\">EDIFICIO HIST\u00d3RICO CONSTRUIDO EN 1921<\/p>\n[\/vc_column_text][\/vc_column][vc_column][vc_column_text]Edificio hist\u00f3rico de Molins de Rei, de uso social que fue construido en 1921 despu\u00e9s de la creaci\u00f3n de la entidad, en 1920, con motivo de la fusi\u00f3n de diversas asociaciones por la voluntad de un sector de la sociedad de la villa de disponer de un local donde relacionarse y de recreo para sus actividades sociales y culturales.<\/p>\n<p>Desde el punto de vista art\u00edstico, el edificio puede situarse dentro de la influencia formal del neoclasicismo, aunque en esta \u00e9poca ya presentaba una cierta libertad en el uso de los elementos decorativos. Dentro de los espacios que alberga en su interior destacan la sala del caf\u00e9 y el teatro a la italiana, con un original sistema de platea basculante que permite adaptar su inclinaci\u00f3n a las necesidades del espect\u00e1culo. En la restauraci\u00f3n de finales del siglo xx se incorpor\u00f3 el trabajo pict\u00f3rico de Jordi Pedrola en la c\u00fapula del caf\u00e9 y en el techo del teatro.[\/vc_column_text][\/vc_column][\/vc_row][vc_row full_width=\u00bbstretch_row\u00bb curly_bg_repeat=\u00bbbg-no-repeat\u00bb curly_bg_position=\u00bbbg-pos-center-bottom\u00bb curly_bg_parallax=\u00bbtrue\u00bb css=\u00bb.vc_custom_1689459893950{padding-top: 40px !important;background-image: url(https:\/\/fomentmolins.cat\/wp-content\/uploads\/2023\/07\/MV20230617_007_negro-1.jpg?id=842) !important;background-position: center !important;background-repeat: no-repeat !important;background-size: cover !important;}\u00bb el_id=\u00bboficinas\u00bb][vc_column width=\u00bb5\/12&#8243;][vc_column_text]\n<h1 class=\"display-1 special-title\"><small>Foment Molins<\/small>Oficinas<\/h1>\n<p class=\"lead lead-lg\">EL PRIMER PISO DEL TEATRO ALOJA SUS OFICINASC<\/p>\n<p>Situadas en el primer piso, las oficinas del Foment est\u00e1n distribuidas en dos salas: la oficina administrativa, donde se realizan todos los trabajos de gesti\u00f3n y la sala de juntas, donde se celebran peri\u00f3dicamente las reuniones de la Junta del Foment.<\/p>\n[\/vc_column_text][\/vc_column][vc_column width=\u00bb1\/2&#8243; offset=\u00bbvc_col-sm-offset-1&#8243;]<div class='xtd-carousel-mini__container   vc_custom_1497347944598'><div class='xtd-carousel-mini'><div class='owl-carousel' data-autoplay='false' data-timeout='0' data-hover='true' data-loop='false' data-dots='true'>[vc_single_image image=\u00bb578&#8243; img_size=\u00bbfull\u00bb style=\u00bbxtd-shadow&#8211;normal-hard\u00bb onclick=\u00bblink_image\u00bb el_class=\u00bbxtd-offset-frame\u00bb css=\u00bb.vc_custom_1688891424304{margin-right: 4rem !important;}\u00bb][vc_single_image image=\u00bb579&#8243; img_size=\u00bbfull\u00bb style=\u00bbxtd-shadow&#8211;normal-hard\u00bb onclick=\u00bblink_image\u00bb el_class=\u00bbxtd-offset-frame\u00bb css=\u00bb.vc_custom_1688891441968{margin-right: 4rem !important;}\u00bb][vc_single_image image=\u00bb580&#8243; img_size=\u00bbfull\u00bb style=\u00bbxtd-shadow&#8211;normal-hard\u00bb onclick=\u00bblink_image\u00bb el_class=\u00bbxtd-offset-frame\u00bb css=\u00bb.vc_custom_1688891468878{margin-right: 4rem !important;}\u00bb][vc_single_image image=\u00bb582&#8243; img_size=\u00bbfull\u00bb style=\u00bbxtd-shadow&#8211;normal-hard\u00bb onclick=\u00bblink_image\u00bb el_class=\u00bbxtd-offset-frame\u00bb css=\u00bb.vc_custom_1688891510184{margin-right: 4rem !important;}\u00bb]<\/div><\/div><\/div>[\/vc_column][\/vc_row][vc_row full_width=\u00bbstretch_row\u00bb curly_bg_repeat=\u00bbbg-no-repeat\u00bb curly_bg_position=\u00bbbg-pos-center-bottom\u00bb curly_bg_parallax=\u00bbtrue\u00bb css=\u00bb.vc_custom_1689459906354{padding-top: 40px !important;background-image: url(https:\/\/fomentmolins.cat\/wp-content\/uploads\/2023\/07\/img_18732_foment_8_600_negro-1.jpg?id=835) !important;background-position: center !important;background-repeat: no-repeat !important;background-size: cover !important;}\u00bb el_id=\u00bbsalas\u00bb][vc_column width=\u00bb1\/2&#8243;]<div class='xtd-carousel-mini__container   vc_custom_1497347944598'><div class='xtd-carousel-mini'><div class='owl-carousel' data-autoplay='false' data-timeout='0' data-hover='true' data-loop='false' data-dots='true'>[vc_single_image image=\u00bb583&#8243; img_size=\u00bbfull\u00bb style=\u00bbxtd-shadow&#8211;normal-hard\u00bb onclick=\u00bblink_image\u00bb el_class=\u00bbxtd-offset-frame\u00bb css=\u00bb.vc_custom_1688891571963{margin-right: 4rem !important;}\u00bb][vc_single_image image=\u00bb584&#8243; img_size=\u00bbfull\u00bb style=\u00bbxtd-shadow&#8211;normal-hard\u00bb onclick=\u00bblink_image\u00bb el_class=\u00bbxtd-offset-frame\u00bb css=\u00bb.vc_custom_1688891599003{margin-right: 4rem !important;}\u00bb]<\/div><\/div><\/div>[\/vc_column][vc_column width=\u00bb5\/12&#8243; offset=\u00bbvc_col-sm-offset-1&#8243;][vc_column_text]\n<h1 class=\"display-1 special-title\"><small>Foment Molins<\/small>Salas<\/h1>\n<p class=\"lead lead-lg\">SALA DE AJEDREZ, DE BILLAR Y SALA EXCLUSIVA DE SOCIOS<\/p>\n<p>La sala de Billar es un espacio que cuenta con 4 mesas de billar franc\u00e9s (de carambola) y una extensa grader\u00eda desde donde el p\u00fablico puede seguir el devenir de las diferentes partidas.<\/p>\n<p>Foment mantiene una sala exclusiva para los socios de la entidad. Un espacio donde leer el peri\u00f3dico, tomar un caf\u00e9, hacer partidas de juegos de mesa y disfrutar de la compa\u00f1\u00eda y las an\u00e9cdotas de otros socios y socias. La sala dispone de varias mesas de m\u00e1rmol y una mesa de madera noble. Tambi\u00e9n dispone de una librer\u00eda.<\/p>\n[\/vc_column_text][\/vc_column][\/vc_row][vc_row full_width=\u00bbstretch_row\u00bb curly_bg_repeat=\u00bbbg-no-repeat\u00bb curly_bg_position=\u00bbbg-pos-center-bottom\u00bb curly_bg_parallax=\u00bbtrue\u00bb css=\u00bb.vc_custom_1689459925808{padding-top: 40px !important;background-image: url(https:\/\/fomentmolins.cat\/wp-content\/uploads\/2023\/07\/foto-teatro3_negro-1.jpg?id=841) !important;background-position: center !important;background-repeat: no-repeat !important;background-size: cover !important;}\u00bb el_id=\u00bbteatro\u00bb][vc_column width=\u00bb5\/12&#8243;][vc_column_text]\n<h1 class=\"display-1 special-title\"><small>Foment Molins<\/small>Teatro<\/h1>\n<p class=\"lead lead-lg\">EL TEATRO FOMENT ES EL EMBLEMA DE LA ENTIDAD<\/p>\n<p>Un espacio multidisciplinar que gracias a la posibilidad de situar la platea plana o inclinada, nos permite realizar todo tipo de actividades. Baile, teatro, conciertos, cenas, conferencias\u2026 Con un aforo de 448 localidades divididas en dos espacios: 336 butacas en platea y 112 sillas en los palcos.[\/vc_column_text][\/vc_column][vc_column width=\u00bb1\/2&#8243; offset=\u00bbvc_col-sm-offset-1&#8243;]<div class='xtd-carousel-mini__container   vc_custom_1497347944598'><div class='xtd-carousel-mini'><div class='owl-carousel' data-autoplay='false' data-timeout='0' data-hover='true' data-loop='false' data-dots='true'>[vc_single_image image=\u00bb588&#8243; img_size=\u00bbfull\u00bb style=\u00bbxtd-shadow&#8211;normal-hard\u00bb onclick=\u00bblink_image\u00bb el_class=\u00bbxtd-offset-frame\u00bb css=\u00bb.vc_custom_1688891840174{margin-right: 4rem !important;}\u00bb][vc_single_image image=\u00bb589&#8243; img_size=\u00bbfull\u00bb style=\u00bbxtd-shadow&#8211;normal-hard\u00bb onclick=\u00bblink_image\u00bb el_class=\u00bbxtd-offset-frame\u00bb css=\u00bb.vc_custom_1688891858725{margin-right: 4rem !important;}\u00bb][vc_single_image image=\u00bb590&#8243; img_size=\u00bbfull\u00bb style=\u00bbxtd-shadow&#8211;normal-hard\u00bb onclick=\u00bblink_image\u00bb el_class=\u00bbxtd-offset-frame\u00bb css=\u00bb.vc_custom_1688891876898{margin-right: 4rem !important;}\u00bb][vc_single_image image=\u00bb591&#8243; img_size=\u00bbfull\u00bb style=\u00bbxtd-shadow&#8211;normal-hard\u00bb onclick=\u00bblink_image\u00bb el_class=\u00bbxtd-offset-frame\u00bb css=\u00bb.vc_custom_1688891892758{margin-right: 4rem !important;}\u00bb][vc_single_image image=\u00bb592&#8243; img_size=\u00bbfull\u00bb style=\u00bbxtd-shadow&#8211;normal-hard\u00bb onclick=\u00bblink_image\u00bb el_class=\u00bbxtd-offset-frame\u00bb css=\u00bb.vc_custom_1688891910679{margin-right: 4rem !important;}\u00bb][vc_single_image image=\u00bb457&#8243; img_size=\u00bbfull\u00bb style=\u00bbxtd-shadow&#8211;normal-hard\u00bb onclick=\u00bblink_image\u00bb el_class=\u00bbxtd-offset-frame\u00bb css=\u00bb.vc_custom_1688891929328{margin-right: 4rem !important;}\u00bb][vc_single_image image=\u00bb402&#8243; img_size=\u00bbfull\u00bb style=\u00bbxtd-shadow&#8211;normal-hard\u00bb onclick=\u00bblink_image\u00bb el_class=\u00bbxtd-offset-frame\u00bb css=\u00bb.vc_custom_1688891943805{margin-right: 4rem !important;}\u00bb][vc_single_image image=\u00bb341&#8243; img_size=\u00bbfull\u00bb style=\u00bbxtd-shadow&#8211;normal-hard\u00bb onclick=\u00bblink_image\u00bb el_class=\u00bbxtd-offset-frame\u00bb css=\u00bb.vc_custom_1688891971023{margin-right: 4rem !important;}\u00bb][vc_single_image image=\u00bb344&#8243; img_size=\u00bbfull\u00bb style=\u00bbxtd-shadow&#8211;normal-hard\u00bb onclick=\u00bblink_image\u00bb el_class=\u00bbxtd-offset-frame\u00bb css=\u00bb.vc_custom_1688891983952{margin-right: 4rem !important;}\u00bb][vc_single_image image=\u00bb329&#8243; img_size=\u00bbfull\u00bb style=\u00bbxtd-shadow&#8211;normal-hard\u00bb onclick=\u00bblink_image\u00bb el_class=\u00bbxtd-offset-frame\u00bb css=\u00bb.vc_custom_1688892004581{margin-right: 4rem !important;}\u00bb]<\/div><\/div><\/div>[\/vc_column][vc_column][vc_column_text]Tambi\u00e9n disponemos de un anfiteatro que en estos momentos se est\u00e1 adecuando a las normativas de seguridad y que una vez rehabilitado ampliar\u00e1 considerablemente el aforo global. <strong>Durante la restauraci\u00f3n de finales del siglo XX se incorpor\u00f3 el trabajo pict\u00f3rico de Jordi Pedrola en la c\u00fapula del caf\u00e9 y en el techo del teatro.<\/strong><\/p>\n<p>Nuestro escenario es amplio y espacioso. En 2002-03 se remodel\u00f3 completamente adecu\u00e1ndolo y adapt\u00e1ndolo a las normativas y necesidades t\u00e9cnicas que las artes esc\u00e9nicas de hoy en d\u00eda requieren.<\/p>\n<p>Los camerinos se encuentran debajo del escenario y se puede acceder por las escaleras situadas por ambos lados del escenario. La zona de vestuarios est\u00e1 equipada con seis vestuarios con capacidad para tres personas cada uno, una amplia zona com\u00fan, aseos y duchas. Disponen de espejos, agua caliente y buena iluminaci\u00f3n.[\/vc_column_text][\/vc_column][\/vc_row][vc_row full_width=\u00bbstretch_row\u00bb curly_bg_repeat=\u00bbbg-no-repeat\u00bb curly_bg_position=\u00bbbg-pos-center-bottom\u00bb curly_bg_parallax=\u00bbtrue\u00bb css=\u00bb.vc_custom_1689459941707{padding-top: 40px !important;background-image: url(https:\/\/fomentmolins.cat\/wp-content\/uploads\/2023\/07\/el-foment_negro-1.jpg?id=836) !important;background-position: center !important;background-repeat: no-repeat !important;background-size: cover !important;}\u00bb el_id=\u00bbvestibulo\u00bb][vc_column width=\u00bb1\/2&#8243;]<div class='xtd-carousel-mini__container   vc_custom_1497347944598'><div class='xtd-carousel-mini'><div class='owl-carousel' data-autoplay='false' data-timeout='0' data-hover='true' data-loop='false' data-dots='true'>[vc_single_image image=\u00bb585&#8243; img_size=\u00bbfull\u00bb style=\u00bbxtd-shadow&#8211;normal-hard\u00bb onclick=\u00bblink_image\u00bb el_class=\u00bbxtd-offset-frame\u00bb css=\u00bb.vc_custom_1688891719682{margin-right: 4rem !important;}\u00bb][vc_single_image image=\u00bb586&#8243; img_size=\u00bbfull\u00bb style=\u00bbxtd-shadow&#8211;normal-hard\u00bb onclick=\u00bblink_image\u00bb el_class=\u00bbxtd-offset-frame\u00bb css=\u00bb.vc_custom_1688891742607{margin-right: 4rem !important;}\u00bb]<\/div><\/div><\/div>[\/vc_column][vc_column width=\u00bb5\/12&#8243; offset=\u00bbvc_col-sm-offset-1&#8243;][vc_column_text]\n<h1 class=\"display-1 special-title\"><small>Foment Molins<\/small>Vest\u00edbulo<\/h1>\n<p class=\"lead lead-lg\">ZONA DE ACOGIDA Y REUNI\u00d3N DE TODAS LAS PERSONAS QUE ASISTEN AL FOMENT<\/p>\n<p>El vest\u00edbulo es la primera sala que encontramos en Foment cuando accedemos por la puerta principal. En \u00e9l encontramos la barra de la cafeter\u00eda, donde podemos tomar caf\u00e9s y refrescos durante los entreactos de los espect\u00e1culos y aseos para el p\u00fablico. Tambi\u00e9n tenemos una zona de vitrinas con los galardones y premios que el grupo de teatro Filagarsa ha recibido durante los \u00faltimos a\u00f1os y la escalera de acceso al anfiteatro, las oficinas y la sala de los Presidentes.<\/p>\n<p>Destacamos tambi\u00e9n el espejo modernista de principios del siglo XX. El vest\u00edbulo dispone de climatizaci\u00f3n.<\/p>\n[\/vc_column_text][\/vc_column][\/vc_row]\n<\/div>","protected":false},"excerpt":{"rendered":"<p>[vc_row full_width=\u00bbstretch_row\u00bb curly_bg_repeat=\u00bbbg-no-repeat\u00bb curly_bg_position=\u00bbbg-pos-center-bottom\u00bb curly_bg_parallax=\u00bbtrue\u00bb css=\u00bb.vc_custom_1689459818275{padding-top: 12rem !important;background-image: url(https:\/\/fomentmolins.cat\/wp-content\/uploads\/2023\/07\/el-foment_negro-1.jpg?id=836) !important;background-position: center !important;background-repeat: no-repeat !important;background-size: cover !important;}\u00bb el_id=\u00bbcafe\u00bb][vc_column width=\u00bb5\/12&#8243;][vc_column_text] Foment MolinsCaf\u00e9 DESDE 1921 LUGAR EMBLEM\u00c1TICO DE REUNI\u00d3N El Caf\u00e9 del Foment es un lugar emblem\u00e1tico de reuni\u00f3n y encuentro. Cuenta con una magn\u00edfica arquitectura y construcci\u00f3n de principios del siglo XX. Se trata de un amplio espacio ideal para albergar reservas [&hellip;]<\/p>\n","protected":false},"author":1,"featured_media":0,"parent":0,"menu_order":0,"comment_status":"closed","ping_status":"closed","template":"","meta":{"inline_featured_image":false,"footnotes":""},"class_list":["post-477","page","type-page","status-publish","hentry"],"yoast_head":"<!-- This site is optimized with the Yoast SEO plugin v27.2 - https:\/\/yoast.com\/product\/yoast-seo-wordpress\/ -->\n<title>Instalaciones - Foment Molins Cultural<\/title>\n<meta name=\"robots\" content=\"index, follow, max-snippet:-1, max-image-preview:large, max-video-preview:-1\" \/>\n<link rel=\"canonical\" href=\"https:\/\/fomentmolins.cat\/es\/instalaciones\/\" \/>\n<meta property=\"og:locale\" content=\"es_ES\" \/>\n<meta property=\"og:type\" content=\"article\" \/>\n<meta property=\"og:title\" content=\"Instalaciones - Foment Molins Cultural\" \/>\n<meta property=\"og:description\" content=\"[vc_row full_width=\u00bbstretch_row\u00bb curly_bg_repeat=\u00bbbg-no-repeat\u00bb curly_bg_position=\u00bbbg-pos-center-bottom\u00bb curly_bg_parallax=\u00bbtrue\u00bb css=\u00bb.vc_custom_1689459818275{padding-top: 12rem !important;background-image: url(https:\/\/fomentmolins.cat\/wp-content\/uploads\/2023\/07\/el-foment_negro-1.jpg?id=836) !important;background-position: center !important;background-repeat: no-repeat !important;background-size: cover !important;}\u00bb el_id=\u00bbcafe\u00bb][vc_column width=\u00bb5\/12&#8243;][vc_column_text] Foment MolinsCaf\u00e9 DESDE 1921 LUGAR EMBLEM\u00c1TICO DE REUNI\u00d3N El Caf\u00e9 del Foment es un lugar emblem\u00e1tico de reuni\u00f3n y encuentro. Cuenta con una magn\u00edfica arquitectura y construcci\u00f3n de principios del siglo XX. Se trata de un amplio espacio ideal para albergar reservas [&hellip;]\" \/>\n<meta property=\"og:url\" content=\"https:\/\/fomentmolins.cat\/es\/instalaciones\/\" \/>\n<meta property=\"og:site_name\" content=\"Foment Molins Cultural\" \/>\n<meta property=\"article:modified_time\" content=\"2023-07-19T13:38:04+00:00\" \/>\n<meta name=\"twitter:card\" content=\"summary_large_image\" \/>\n<meta name=\"twitter:label1\" content=\"Tiempo de lectura\" \/>\n\t<meta name=\"twitter:data1\" content=\"5 minutos\" \/>\n<script type=\"application\/ld+json\" class=\"yoast-schema-graph\">{\"@context\":\"https:\/\/schema.org\",\"@graph\":[{\"@type\":\"WebPage\",\"@id\":\"https:\/\/fomentmolins.cat\/es\/instalaciones\/\",\"url\":\"https:\/\/fomentmolins.cat\/es\/instalaciones\/\",\"name\":\"Instalaciones - Foment Molins Cultural\",\"isPartOf\":{\"@id\":\"https:\/\/fomentmolins.cat\/es\/#website\"},\"datePublished\":\"2023-07-03T10:48:48+00:00\",\"dateModified\":\"2023-07-19T13:38:04+00:00\",\"breadcrumb\":{\"@id\":\"https:\/\/fomentmolins.cat\/es\/instalaciones\/#breadcrumb\"},\"inLanguage\":\"es\",\"potentialAction\":[{\"@type\":\"ReadAction\",\"target\":[\"https:\/\/fomentmolins.cat\/es\/instalaciones\/\"]}]},{\"@type\":\"BreadcrumbList\",\"@id\":\"https:\/\/fomentmolins.cat\/es\/instalaciones\/#breadcrumb\",\"itemListElement\":[{\"@type\":\"ListItem\",\"position\":1,\"name\":\"Portada\",\"item\":\"https:\/\/fomentmolins.cat\/es\/\"},{\"@type\":\"ListItem\",\"position\":2,\"name\":\"Instalaciones\"}]},{\"@type\":\"WebSite\",\"@id\":\"https:\/\/fomentmolins.cat\/es\/#website\",\"url\":\"https:\/\/fomentmolins.cat\/es\/\",\"name\":\"Foment Molins Cultural\",\"description\":\"\",\"potentialAction\":[{\"@type\":\"SearchAction\",\"target\":{\"@type\":\"EntryPoint\",\"urlTemplate\":\"https:\/\/fomentmolins.cat\/es\/?s={search_term_string}\"},\"query-input\":{\"@type\":\"PropertyValueSpecification\",\"valueRequired\":true,\"valueName\":\"search_term_string\"}}],\"inLanguage\":\"es\"}]}<\/script>\n<!-- \/ Yoast SEO plugin. -->","yoast_head_json":{"title":"Instalaciones - Foment Molins Cultural","robots":{"index":"index","follow":"follow","max-snippet":"max-snippet:-1","max-image-preview":"max-image-preview:large","max-video-preview":"max-video-preview:-1"},"canonical":"https:\/\/fomentmolins.cat\/es\/instalaciones\/","og_locale":"es_ES","og_type":"article","og_title":"Instalaciones - Foment Molins Cultural","og_description":"[vc_row full_width=\u00bbstretch_row\u00bb curly_bg_repeat=\u00bbbg-no-repeat\u00bb curly_bg_position=\u00bbbg-pos-center-bottom\u00bb curly_bg_parallax=\u00bbtrue\u00bb css=\u00bb.vc_custom_1689459818275{padding-top: 12rem !important;background-image: url(https:\/\/fomentmolins.cat\/wp-content\/uploads\/2023\/07\/el-foment_negro-1.jpg?id=836) !important;background-position: center !important;background-repeat: no-repeat !important;background-size: cover !important;}\u00bb el_id=\u00bbcafe\u00bb][vc_column width=\u00bb5\/12&#8243;][vc_column_text] Foment MolinsCaf\u00e9 DESDE 1921 LUGAR EMBLEM\u00c1TICO DE REUNI\u00d3N El Caf\u00e9 del Foment es un lugar emblem\u00e1tico de reuni\u00f3n y encuentro. Cuenta con una magn\u00edfica arquitectura y construcci\u00f3n de principios del siglo XX. Se trata de un amplio espacio ideal para albergar reservas [&hellip;]","og_url":"https:\/\/fomentmolins.cat\/es\/instalaciones\/","og_site_name":"Foment Molins Cultural","article_modified_time":"2023-07-19T13:38:04+00:00","twitter_card":"summary_large_image","twitter_misc":{"Tiempo de lectura":"5 minutos"},"schema":{"@context":"https:\/\/schema.org","@graph":[{"@type":"WebPage","@id":"https:\/\/fomentmolins.cat\/es\/instalaciones\/","url":"https:\/\/fomentmolins.cat\/es\/instalaciones\/","name":"Instalaciones - Foment Molins Cultural","isPartOf":{"@id":"https:\/\/fomentmolins.cat\/es\/#website"},"datePublished":"2023-07-03T10:48:48+00:00","dateModified":"2023-07-19T13:38:04+00:00","breadcrumb":{"@id":"https:\/\/fomentmolins.cat\/es\/instalaciones\/#breadcrumb"},"inLanguage":"es","potentialAction":[{"@type":"ReadAction","target":["https:\/\/fomentmolins.cat\/es\/instalaciones\/"]}]},{"@type":"BreadcrumbList","@id":"https:\/\/fomentmolins.cat\/es\/instalaciones\/#breadcrumb","itemListElement":[{"@type":"ListItem","position":1,"name":"Portada","item":"https:\/\/fomentmolins.cat\/es\/"},{"@type":"ListItem","position":2,"name":"Instalaciones"}]},{"@type":"WebSite","@id":"https:\/\/fomentmolins.cat\/es\/#website","url":"https:\/\/fomentmolins.cat\/es\/","name":"Foment Molins Cultural","description":"","potentialAction":[{"@type":"SearchAction","target":{"@type":"EntryPoint","urlTemplate":"https:\/\/fomentmolins.cat\/es\/?s={search_term_string}"},"query-input":{"@type":"PropertyValueSpecification","valueRequired":true,"valueName":"search_term_string"}}],"inLanguage":"es"}]}},"_links":{"self":[{"href":"https:\/\/fomentmolins.cat\/es\/wp-json\/wp\/v2\/pages\/477","targetHints":{"allow":["GET"]}}],"collection":[{"href":"https:\/\/fomentmolins.cat\/es\/wp-json\/wp\/v2\/pages"}],"about":[{"href":"https:\/\/fomentmolins.cat\/es\/wp-json\/wp\/v2\/types\/page"}],"author":[{"embeddable":true,"href":"https:\/\/fomentmolins.cat\/es\/wp-json\/wp\/v2\/users\/1"}],"replies":[{"embeddable":true,"href":"https:\/\/fomentmolins.cat\/es\/wp-json\/wp\/v2\/comments?post=477"}],"version-history":[{"count":18,"href":"https:\/\/fomentmolins.cat\/es\/wp-json\/wp\/v2\/pages\/477\/revisions"}],"predecessor-version":[{"id":1313,"href":"https:\/\/fomentmolins.cat\/es\/wp-json\/wp\/v2\/pages\/477\/revisions\/1313"}],"wp:attachment":[{"href":"https:\/\/fomentmolins.cat\/es\/wp-json\/wp\/v2\/media?parent=477"}],"curies":[{"name":"wp","href":"https:\/\/api.w.org\/{rel}","templated":true}]}}