{"id":516,"date":"2023-07-03T20:27:42","date_gmt":"2023-07-03T18:27:42","guid":{"rendered":"https:\/\/fomentmolins.cat\/wordpress\/?page_id=516"},"modified":"2024-02-04T12:39:15","modified_gmt":"2024-02-04T11:39:15","slug":"presidentes","status":"publish","type":"page","link":"https:\/\/fomentmolins.cat\/es\/presidentes\/","title":{"rendered":"Presidentes"},"content":{"rendered":"<div class=\"wpb-content-wrapper\">[vc_row][vc_column][vc_empty_space height=\u00bb240px\u00bb][vc_column_text]\n<h1 style=\"text-align: center;\">PRESIDENTES<\/h1>\n[\/vc_column_text][vc_empty_space height=\u00bb40px\u00bb][\/vc_column][\/vc_row][vc_row full_width=\u00bbstretch_row\u00bb equal_height=\u00bbyes\u00bb content_placement=\u00bbmiddle\u00bb curly_bg_repeat=\u00bbbg-no-repeat\u00bb curly_bg_position=\u00bbbg-pos-center-center\u00bb css=\u00bb.vc_custom_1496176576005{background-position: center !important;background-repeat: no-repeat !important;background-size: contain !important;}\u00bb][vc_column width=\u00bb5\/12&#8243; curly_bg_repeat=\u00bbbg-no-repeat\u00bb][vc_single_image image=\u00bb319&#8243; img_size=\u00bbfull\u00bb style=\u00bbxtd-shadow&#8211;large-hard\u00bb css_animation=\u00bbnone\u00bb el_class=\u00bbxtd-offset-frame\u00bb][vc_empty_space height=\u00bb\u00bb el_class=\u00bbxtd-spacer&#8211;lg\u00bb][\/vc_column][vc_column width=\u00bb1\/2&#8243; curly_bg_repeat=\u00bbbg-no-repeat\u00bb curly_bg_position=\u00bbbg-pos-center-center\u00bb css=\u00bb.vc_custom_1497536990501{background-image: url(http:\/\/demo.curlythemes.com\/theatrewp\/wp-content\/uploads\/sites\/21\/2017\/06\/letter-2.svg?id=80) !important;background-position: center !important;background-repeat: no-repeat !important;background-size: contain !important;}\u00bb offset=\u00bbvc_col-sm-offset-1&#8243;][vc_empty_space height=\u00bb\u00bb el_class=\u00bbxtd-spacer&#8211;lg\u00bb][vc_column_text css_animation=\u00bbnone\u00bb el_class=\u00bbxtd-text-shadow&#8211;large-hard\u00bb css=\u00bb.vc_custom_1688292041876{margin-right: -4rem !important;margin-left: -4rem !important;}\u00bb]\n<blockquote><p>En 1920 nace el Fomento Agr\u00edcola, Industrial y Comercial de la mano del se\u00f1or Francesc Claramunt i Vilagut quien a la vez fue el primer presidente de la entidad entre los a\u00f1os 1920 y 1922. El actual nombre de Fomento Cultural y Art\u00edstico lo adquiere despu\u00e9s de la Guerra Civil, en 1936-1939.<br \/>\n<cite>FRANCESC CLARAMUNT I VILAGUT<\/cite><\/p><\/blockquote>\n[\/vc_column_text][\/vc_column][\/vc_row][vc_row full_width=\u00bbstretch_row\u00bb gap=\u00bb35&#8243; content_placement=\u00bbmiddle\u00bb curly_padding=\u00bbcontent-padding-none\u00bb css=\u00bb.vc_custom_1496246250057{background-color: #1a1919 !important;}\u00bb][vc_column width=\u00bb1\/6&#8243; offset=\u00bbvc_col-xs-6&#8243;][vc_single_image image=\u00bb529&#8243; img_size=\u00bbfull\u00bb curly_max_width=\u00bb80%\u00bb el_class=\u00bbxtd-hover-05&#8243;][vc_column_text el_class=\u00bbxtd-hover-05&#8243; css=\u00bb.vc_custom_1689962069019{margin-top: -33px !important;}\u00bb]02 Josep Tort Trabal<br \/>\n(1922-1924)[\/vc_column_text][\/vc_column][vc_column width=\u00bb1\/6&#8243; offset=\u00bbvc_col-xs-6&#8243;][vc_single_image image=\u00bb528&#8243; img_size=\u00bbfull\u00bb curly_max_width=\u00bb80%\u00bb el_class=\u00bbxtd-hover-05&#8243;][vc_column_text el_class=\u00bbxtd-hover-05&#8243; css=\u00bb.vc_custom_1689962078609{margin-top: -33px !important;}\u00bb]03 Francesc Modolell<br \/>\n(1924-1925)[\/vc_column_text][\/vc_column][vc_column width=\u00bb1\/6&#8243; offset=\u00bbvc_col-xs-6&#8243;][vc_single_image image=\u00bb527&#8243; img_size=\u00bbfull\u00bb curly_max_width=\u00bb80%\u00bb el_class=\u00bbxtd-hover-05&#8243;][vc_column_text el_class=\u00bbxtd-hover-05&#8243; css=\u00bb.vc_custom_1689962107689{margin-top: -33px !important;}\u00bb]04 Frances Madorell<br \/>\n(1925-1928)[\/vc_column_text][\/vc_column][vc_column width=\u00bb1\/6&#8243; offset=\u00bbvc_col-xs-6&#8243;][vc_single_image image=\u00bb526&#8243; img_size=\u00bbfull\u00bb curly_max_width=\u00bb80%\u00bb el_class=\u00bbxtd-hover-05&#8243;][vc_column_text el_class=\u00bbxtd-hover-05&#8243; css=\u00bb.vc_custom_1689962115163{margin-top: -33px !important;}\u00bb]05 Josep Campmany<br \/>\n(1928-1930)[\/vc_column_text][\/vc_column][vc_column width=\u00bb1\/6&#8243; offset=\u00bbvc_col-xs-6&#8243;][vc_single_image image=\u00bb525&#8243; img_size=\u00bbfull\u00bb curly_max_width=\u00bb80%\u00bb el_class=\u00bbxtd-hover-05&#8243;][vc_column_text el_class=\u00bbxtd-hover-05&#8243; css=\u00bb.vc_custom_1689962128223{margin-top: -33px !important;}\u00bb]06 Josep Mestres<br \/>\n(1930-1932)[\/vc_column_text][\/vc_column][vc_column width=\u00bb1\/6&#8243; offset=\u00bbvc_col-xs-6&#8243;][vc_single_image image=\u00bb524&#8243; img_size=\u00bbfull\u00bb curly_max_width=\u00bb80%\u00bb el_class=\u00bbxtd-hover-05&#8243;][vc_column_text el_class=\u00bbxtd-hover-05&#8243; css=\u00bb.vc_custom_1689962136395{margin-top: -33px !important;}\u00bb]07 Jaume Bosch<br \/>\n(1932-1934)[\/vc_column_text][\/vc_column][\/vc_row][vc_row full_width=\u00bbstretch_row\u00bb gap=\u00bb35&#8243; content_placement=\u00bbmiddle\u00bb curly_padding=\u00bbcontent-padding-none\u00bb css=\u00bb.vc_custom_1496246250057{background-color: #1a1919 !important;}\u00bb][vc_column width=\u00bb1\/6&#8243; offset=\u00bbvc_col-xs-6&#8243;][vc_single_image image=\u00bb650&#8243; img_size=\u00bbfull\u00bb curly_max_width=\u00bb80%\u00bb el_class=\u00bbxtd-hover-05&#8243;][vc_column_text el_class=\u00bbxtd-hover-05&#8243; css=\u00bb.vc_custom_1689962164484{margin-top: -33px !important;}\u00bb]08 Justi Brossa i Ferrer<br \/>\n(1934-1936)[\/vc_column_text][\/vc_column][vc_column width=\u00bb1\/6&#8243; offset=\u00bbvc_col-xs-6&#8243;][vc_single_image image=\u00bb651&#8243; img_size=\u00bbfull\u00bb curly_max_width=\u00bb80%\u00bb el_class=\u00bbxtd-hover-05&#8243;][vc_column_text el_class=\u00bbxtd-hover-05&#8243; css=\u00bb.vc_custom_1689962176391{margin-top: -33px !important;}\u00bb]09 Vicen\u00e7 P\u00e9rez<br \/>\n(1937-1938)[\/vc_column_text][\/vc_column][vc_column width=\u00bb1\/6&#8243; offset=\u00bbvc_col-xs-6&#8243;][vc_single_image image=\u00bb652&#8243; img_size=\u00bbfull\u00bb curly_max_width=\u00bb80%\u00bb el_class=\u00bbxtd-hover-05&#8243;][vc_column_text el_class=\u00bbxtd-hover-05&#8243; css=\u00bb.vc_custom_1689962183707{margin-top: -33px !important;}\u00bb]10 Joan Faidella<br \/>\n(1938-1939)[\/vc_column_text][\/vc_column][vc_column width=\u00bb1\/6&#8243; offset=\u00bbvc_col-xs-6&#8243;][vc_single_image image=\u00bb653&#8243; img_size=\u00bbfull\u00bb curly_max_width=\u00bb80%\u00bb el_class=\u00bbxtd-hover-05&#8243;][vc_column_text el_class=\u00bbxtd-hover-05&#8243; css=\u00bb.vc_custom_1689962194197{margin-top: -33px !important;}\u00bb]11 Josep Fabrega<br \/>\n(1939-1941)[\/vc_column_text][\/vc_column][vc_column width=\u00bb1\/6&#8243; offset=\u00bbvc_col-xs-6&#8243;][vc_single_image image=\u00bb654&#8243; img_size=\u00bbfull\u00bb curly_max_width=\u00bb80%\u00bb el_class=\u00bbxtd-hover-05&#8243;][vc_column_text el_class=\u00bbxtd-hover-05&#8243; css=\u00bb.vc_custom_1689962204924{margin-top: -33px !important;}\u00bb]12 Dom\u00e8nech Sala<br \/>\n(1941-1945)[\/vc_column_text][\/vc_column][vc_column width=\u00bb1\/6&#8243; offset=\u00bbvc_col-xs-6&#8243;][vc_single_image image=\u00bb655&#8243; img_size=\u00bbfull\u00bb curly_max_width=\u00bb80%\u00bb el_class=\u00bbxtd-hover-05&#8243;][vc_column_text el_class=\u00bbxtd-hover-05&#8243; css=\u00bb.vc_custom_1689962212854{margin-top: -33px !important;}\u00bb]13 Frederic Roca<br \/>\n(1945-1947)[\/vc_column_text][\/vc_column][\/vc_row][vc_row full_width=\u00bbstretch_row\u00bb gap=\u00bb35&#8243; content_placement=\u00bbmiddle\u00bb curly_padding=\u00bbcontent-padding-none\u00bb css=\u00bb.vc_custom_1496246250057{background-color: #1a1919 !important;}\u00bb][vc_column width=\u00bb1\/6&#8243; offset=\u00bbvc_col-xs-6&#8243;][vc_single_image image=\u00bb656&#8243; img_size=\u00bbfull\u00bb curly_max_width=\u00bb80%\u00bb el_class=\u00bbxtd-hover-05&#8243;][vc_column_text el_class=\u00bbxtd-hover-05&#8243; css=\u00bb.vc_custom_1689962231784{margin-top: -33px !important;}\u00bb]14 Joan Roca<br \/>\n(1947-1951)[\/vc_column_text][\/vc_column][vc_column width=\u00bb1\/6&#8243; offset=\u00bbvc_col-xs-6&#8243;][vc_single_image image=\u00bb657&#8243; img_size=\u00bbfull\u00bb curly_max_width=\u00bb80%\u00bb el_class=\u00bbxtd-hover-05&#8243;][vc_column_text el_class=\u00bbxtd-hover-05&#8243; css=\u00bb.vc_custom_1689962224716{margin-top: -33px !important;}\u00bb]15 Miquel Bellv\u00e9<br \/>\n(1951-1956)[\/vc_column_text][\/vc_column][vc_column width=\u00bb1\/6&#8243; offset=\u00bbvc_col-xs-6&#8243;][vc_single_image image=\u00bb636&#8243; img_size=\u00bbfull\u00bb curly_max_width=\u00bb80%\u00bb el_class=\u00bbxtd-hover-05&#8243;][vc_column_text el_class=\u00bbxtd-hover-05&#8243; css=\u00bb.vc_custom_1689962239454{margin-top: -33px !important;}\u00bb]16 Josep Juli\u00e0<br \/>\n(1956-1960)[\/vc_column_text][\/vc_column][vc_column width=\u00bb1\/6&#8243; offset=\u00bbvc_col-xs-6&#8243;][vc_single_image image=\u00bb637&#8243; img_size=\u00bbfull\u00bb curly_max_width=\u00bb80%\u00bb el_class=\u00bbxtd-hover-05&#8243;][vc_column_text el_class=\u00bbxtd-hover-05&#8243; css=\u00bb.vc_custom_1689962248496{margin-top: -33px !important;}\u00bb]17 Lluis Puiggari<br \/>\n(1960-1963)[\/vc_column_text][\/vc_column][vc_column width=\u00bb1\/6&#8243; offset=\u00bbvc_col-xs-6&#8243;][vc_single_image image=\u00bb638&#8243; img_size=\u00bbfull\u00bb curly_max_width=\u00bb80%\u00bb el_class=\u00bbxtd-hover-05&#8243;][vc_column_text el_class=\u00bbxtd-hover-05&#8243; css=\u00bb.vc_custom_1689962260469{margin-top: -33px !important;}\u00bb]18 Francesc Dachcs<br \/>\n(1963-1968)[\/vc_column_text][\/vc_column][vc_column width=\u00bb1\/6&#8243; offset=\u00bbvc_col-xs-6&#8243;][vc_single_image image=\u00bb639&#8243; img_size=\u00bbfull\u00bb curly_max_width=\u00bb80%\u00bb el_class=\u00bbxtd-hover-05&#8243;][vc_column_text el_class=\u00bbxtd-hover-05&#8243; css=\u00bb.vc_custom_1689962271256{margin-top: -33px !important;}\u00bb]19 \u00a0Aleix Font del<br \/>\n(1968-1972)[\/vc_column_text][\/vc_column][\/vc_row][vc_row full_width=\u00bbstretch_row\u00bb gap=\u00bb35&#8243; content_placement=\u00bbmiddle\u00bb curly_padding=\u00bbcontent-padding-none\u00bb css=\u00bb.vc_custom_1496246250057{background-color: #1a1919 !important;}\u00bb][vc_column width=\u00bb1\/6&#8243; offset=\u00bbvc_col-xs-6&#8243;][vc_single_image image=\u00bb640&#8243; img_size=\u00bbfull\u00bb curly_max_width=\u00bb80%\u00bb el_class=\u00bbxtd-hover-05&#8243;][vc_column_text el_class=\u00bbxtd-hover-05&#8243; css=\u00bb.vc_custom_1689962328090{margin-top: -33px !important;}\u00bb]20 Isidre Juli\u00e0 Maim\u00f3<br \/>\n(1972-1976)[\/vc_column_text][\/vc_column][vc_column width=\u00bb1\/6&#8243; offset=\u00bbvc_col-xs-6&#8243;][vc_single_image image=\u00bb641&#8243; img_size=\u00bbfull\u00bb curly_max_width=\u00bb80%\u00bb el_class=\u00bbxtd-hover-05&#8243;][vc_column_text el_class=\u00bbxtd-hover-05&#8243; css=\u00bb.vc_custom_1689962355498{margin-top: -33px !important;}\u00bb]21 Josep Mestres<br \/>\n(1976-1980)[\/vc_column_text][\/vc_column][vc_column width=\u00bb1\/6&#8243; offset=\u00bbvc_col-xs-6&#8243;][vc_single_image image=\u00bb642&#8243; img_size=\u00bbfull\u00bb curly_max_width=\u00bb80%\u00bb el_class=\u00bbxtd-hover-05&#8243;][vc_column_text el_class=\u00bbxtd-hover-05&#8243; css=\u00bb.vc_custom_1689962503033{margin-top: -33px !important;}\u00bb]22 Salvador Llopart<br \/>\n(1980-1983)[\/vc_column_text][\/vc_column][vc_column width=\u00bb1\/6&#8243; offset=\u00bbvc_col-xs-6&#8243;][vc_single_image image=\u00bb643&#8243; img_size=\u00bbfull\u00bb curly_max_width=\u00bb80%\u00bb el_class=\u00bbxtd-hover-05&#8243;][vc_column_text el_class=\u00bbxtd-hover-05&#8243; css=\u00bb.vc_custom_1689962528438{margin-top: -33px !important;}\u00bb]23 Francesc Font<br \/>\n(1985-1988)[\/vc_column_text][\/vc_column][vc_column width=\u00bb1\/6&#8243; offset=\u00bbvc_col-xs-6&#8243;][vc_single_image image=\u00bb644&#8243; img_size=\u00bbfull\u00bb curly_max_width=\u00bb80%\u00bb el_class=\u00bbxtd-hover-05&#8243;][vc_column_text el_class=\u00bbxtd-hover-05&#8243; css=\u00bb.vc_custom_1689962551520{margin-top: -33px !important;}\u00bb]24 Josep M\u00aa Figueras (1989-1993)[\/vc_column_text][\/vc_column][vc_column width=\u00bb1\/6&#8243; offset=\u00bbvc_col-xs-6&#8243;][vc_single_image image=\u00bb645&#8243; img_size=\u00bbfull\u00bb curly_max_width=\u00bb80%\u00bb el_class=\u00bbxtd-hover-05&#8243;][vc_column_text el_class=\u00bbxtd-hover-05&#8243; css=\u00bb.vc_custom_1689962581313{margin-top: -33px !important;}\u00bb]25 Francesc Dachs<br \/>\n(1995-2000)[\/vc_column_text][\/vc_column][\/vc_row][vc_row full_width=\u00bbstretch_row\u00bb gap=\u00bb35&#8243; content_placement=\u00bbmiddle\u00bb curly_padding=\u00bbcontent-padding-none\u00bb css=\u00bb.vc_custom_1496246250057{background-color: #1a1919 !important;}\u00bb][vc_column width=\u00bb1\/6&#8243; offset=\u00bbvc_col-xs-6&#8243;][vc_single_image image=\u00bb646&#8243; img_size=\u00bbfull\u00bb curly_max_width=\u00bb80%\u00bb el_class=\u00bbxtd-hover-05&#8243;][vc_column_text el_class=\u00bbxtd-hover-05&#8243; css=\u00bb.vc_custom_1689962610955{margin-top: -33px !important;}\u00bb]26 Balbino Carbonell<br \/>\n(2000-2002)[\/vc_column_text][\/vc_column][vc_column width=\u00bb1\/6&#8243; offset=\u00bbvc_col-xs-6&#8243;][vc_single_image image=\u00bb647&#8243; img_size=\u00bbfull\u00bb curly_max_width=\u00bb80%\u00bb el_class=\u00bbxtd-hover-05&#8243;][vc_column_text el_class=\u00bbxtd-hover-05&#8243; css=\u00bb.vc_custom_1689962638881{margin-top: -33px !important;}\u00bb]27 Pere Garc\u00eda<br \/>\n(2002-2007)[\/vc_column_text][\/vc_column][vc_column width=\u00bb1\/6&#8243; offset=\u00bbvc_col-xs-6&#8243;][vc_single_image image=\u00bb648&#8243; img_size=\u00bbfull\u00bb curly_max_width=\u00bb80%\u00bb el_class=\u00bbxtd-hover-05&#8243;][vc_column_text el_class=\u00bbxtd-hover-05&#8243; css=\u00bb.vc_custom_1689962669131{margin-top: -33px !important;}\u00bb]28 Manuel Cordero<br \/>\n(2008-2014)[\/vc_column_text][\/vc_column][vc_column width=\u00bb1\/6&#8243; offset=\u00bbvc_col-xs-6&#8243;][vc_single_image image=\u00bb649&#8243; img_size=\u00bbfull\u00bb curly_max_width=\u00bb80%\u00bb el_class=\u00bbxtd-hover-05&#8243;][vc_column_text el_class=\u00bbxtd-hover-05&#8243; css=\u00bb.vc_custom_1689962700177{margin-top: -33px !important;}\u00bb]29 Joan Ar\u00fas Oriol<br \/>\n(2014-2018)[\/vc_column_text][\/vc_column][vc_column width=\u00bb1\/6&#8243; offset=\u00bbvc_col-xs-6&#8243;][vc_single_image image=\u00bb1930&#8243; img_size=\u00bbfull\u00bb el_class=\u00bbxtd-hover-05&#8243; curly_max_width=\u00bb80%\u00bb][vc_column_text css=\u00bb.vc_custom_1707046628929{margin-top: -33px !important;}\u00bb el_class=\u00bbxtd-hover-05&#8243;]30 Pere Garc\u00eda i Padilla<br \/>\n(2019-2023)[\/vc_column_text][\/vc_column][vc_column width=\u00bb1\/6&#8243; offset=\u00bbvc_col-xs-6&#8243;][\/vc_column][\/vc_row]\n<\/div>","protected":false},"excerpt":{"rendered":"<p>[vc_row][vc_column][vc_empty_space height=\u00bb240px\u00bb][vc_column_text] PRESIDENTES [\/vc_column_text][vc_empty_space height=\u00bb40px\u00bb][\/vc_column][\/vc_row][vc_row full_width=\u00bbstretch_row\u00bb equal_height=\u00bbyes\u00bb content_placement=\u00bbmiddle\u00bb curly_bg_repeat=\u00bbbg-no-repeat\u00bb curly_bg_position=\u00bbbg-pos-center-center\u00bb css=\u00bb.vc_custom_1496176576005{background-position: center !important;background-repeat: no-repeat !important;background-size: contain !important;}\u00bb][vc_column width=\u00bb5\/12&#8243; curly_bg_repeat=\u00bbbg-no-repeat\u00bb][vc_single_image image=\u00bb319&#8243; img_size=\u00bbfull\u00bb style=\u00bbxtd-shadow&#8211;large-hard\u00bb css_animation=\u00bbnone\u00bb el_class=\u00bbxtd-offset-frame\u00bb][vc_empty_space height=\u00bb\u00bb el_class=\u00bbxtd-spacer&#8211;lg\u00bb][\/vc_column][vc_column width=\u00bb1\/2&#8243; curly_bg_repeat=\u00bbbg-no-repeat\u00bb curly_bg_position=\u00bbbg-pos-center-center\u00bb css=\u00bb.vc_custom_1497536990501{background-image: url(http:\/\/demo.curlythemes.com\/theatrewp\/wp-content\/uploads\/sites\/21\/2017\/06\/letter-2.svg?id=80) !important;background-position: center !important;background-repeat: no-repeat !important;background-size: contain !important;}\u00bb offset=\u00bbvc_col-sm-offset-1&#8243;][vc_empty_space height=\u00bb\u00bb el_class=\u00bbxtd-spacer&#8211;lg\u00bb][vc_column_text css_animation=\u00bbnone\u00bb el_class=\u00bbxtd-text-shadow&#8211;large-hard\u00bb css=\u00bb.vc_custom_1688292041876{margin-right: -4rem !important;margin-left: -4rem !important;}\u00bb] En 1920 nace el Fomento Agr\u00edcola, Industrial y Comercial de la mano [&hellip;]<\/p>\n","protected":false},"author":1,"featured_media":0,"parent":0,"menu_order":0,"comment_status":"closed","ping_status":"closed","template":"","meta":{"inline_featured_image":false,"footnotes":""},"class_list":["post-516","page","type-page","status-publish","hentry"],"yoast_head":"<!-- This site is optimized with the Yoast SEO plugin v27.2 - https:\/\/yoast.com\/product\/yoast-seo-wordpress\/ -->\n<title>Presidentes - Foment Molins Cultural<\/title>\n<meta name=\"robots\" content=\"index, follow, max-snippet:-1, max-image-preview:large, max-video-preview:-1\" \/>\n<link rel=\"canonical\" href=\"https:\/\/fomentmolins.cat\/es\/presidentes\/\" \/>\n<meta property=\"og:locale\" content=\"es_ES\" \/>\n<meta property=\"og:type\" content=\"article\" \/>\n<meta property=\"og:title\" content=\"Presidentes - Foment Molins Cultural\" \/>\n<meta property=\"og:description\" content=\"[vc_row][vc_column][vc_empty_space height=\u00bb240px\u00bb][vc_column_text] PRESIDENTES [\/vc_column_text][vc_empty_space height=\u00bb40px\u00bb][\/vc_column][\/vc_row][vc_row full_width=\u00bbstretch_row\u00bb equal_height=\u00bbyes\u00bb content_placement=\u00bbmiddle\u00bb curly_bg_repeat=\u00bbbg-no-repeat\u00bb curly_bg_position=\u00bbbg-pos-center-center\u00bb css=\u00bb.vc_custom_1496176576005{background-position: center !important;background-repeat: no-repeat !important;background-size: contain !important;}\u00bb][vc_column width=\u00bb5\/12&#8243; curly_bg_repeat=\u00bbbg-no-repeat\u00bb][vc_single_image image=\u00bb319&#8243; img_size=\u00bbfull\u00bb style=\u00bbxtd-shadow&#8211;large-hard\u00bb css_animation=\u00bbnone\u00bb el_class=\u00bbxtd-offset-frame\u00bb][vc_empty_space height=\u00bb\u00bb el_class=\u00bbxtd-spacer&#8211;lg\u00bb][\/vc_column][vc_column width=\u00bb1\/2&#8243; curly_bg_repeat=\u00bbbg-no-repeat\u00bb curly_bg_position=\u00bbbg-pos-center-center\u00bb css=\u00bb.vc_custom_1497536990501{background-image: url(http:\/\/demo.curlythemes.com\/theatrewp\/wp-content\/uploads\/sites\/21\/2017\/06\/letter-2.svg?id=80) !important;background-position: center !important;background-repeat: no-repeat !important;background-size: contain !important;}\u00bb offset=\u00bbvc_col-sm-offset-1&#8243;][vc_empty_space height=\u00bb\u00bb el_class=\u00bbxtd-spacer&#8211;lg\u00bb][vc_column_text css_animation=\u00bbnone\u00bb el_class=\u00bbxtd-text-shadow&#8211;large-hard\u00bb css=\u00bb.vc_custom_1688292041876{margin-right: -4rem !important;margin-left: -4rem !important;}\u00bb] En 1920 nace el Fomento Agr\u00edcola, Industrial y Comercial de la mano [&hellip;]\" \/>\n<meta property=\"og:url\" content=\"https:\/\/fomentmolins.cat\/es\/presidentes\/\" \/>\n<meta property=\"og:site_name\" content=\"Foment Molins Cultural\" \/>\n<meta property=\"article:modified_time\" content=\"2024-02-04T11:39:15+00:00\" \/>\n<meta name=\"twitter:card\" content=\"summary_large_image\" \/>\n<meta name=\"twitter:label1\" content=\"Tiempo de lectura\" \/>\n\t<meta name=\"twitter:data1\" content=\"3 minutos\" \/>\n<script type=\"application\/ld+json\" class=\"yoast-schema-graph\">{\"@context\":\"https:\/\/schema.org\",\"@graph\":[{\"@type\":\"WebPage\",\"@id\":\"https:\/\/fomentmolins.cat\/es\/presidentes\/\",\"url\":\"https:\/\/fomentmolins.cat\/es\/presidentes\/\",\"name\":\"Presidentes - Foment Molins Cultural\",\"isPartOf\":{\"@id\":\"https:\/\/fomentmolins.cat\/es\/#website\"},\"datePublished\":\"2023-07-03T18:27:42+00:00\",\"dateModified\":\"2024-02-04T11:39:15+00:00\",\"breadcrumb\":{\"@id\":\"https:\/\/fomentmolins.cat\/es\/presidentes\/#breadcrumb\"},\"inLanguage\":\"es\",\"potentialAction\":[{\"@type\":\"ReadAction\",\"target\":[\"https:\/\/fomentmolins.cat\/es\/presidentes\/\"]}]},{\"@type\":\"BreadcrumbList\",\"@id\":\"https:\/\/fomentmolins.cat\/es\/presidentes\/#breadcrumb\",\"itemListElement\":[{\"@type\":\"ListItem\",\"position\":1,\"name\":\"Portada\",\"item\":\"https:\/\/fomentmolins.cat\/es\/\"},{\"@type\":\"ListItem\",\"position\":2,\"name\":\"Presidentes\"}]},{\"@type\":\"WebSite\",\"@id\":\"https:\/\/fomentmolins.cat\/es\/#website\",\"url\":\"https:\/\/fomentmolins.cat\/es\/\",\"name\":\"Foment Molins Cultural\",\"description\":\"\",\"potentialAction\":[{\"@type\":\"SearchAction\",\"target\":{\"@type\":\"EntryPoint\",\"urlTemplate\":\"https:\/\/fomentmolins.cat\/es\/?s={search_term_string}\"},\"query-input\":{\"@type\":\"PropertyValueSpecification\",\"valueRequired\":true,\"valueName\":\"search_term_string\"}}],\"inLanguage\":\"es\"}]}<\/script>\n<!-- \/ Yoast SEO plugin. -->","yoast_head_json":{"title":"Presidentes - Foment Molins Cultural","robots":{"index":"index","follow":"follow","max-snippet":"max-snippet:-1","max-image-preview":"max-image-preview:large","max-video-preview":"max-video-preview:-1"},"canonical":"https:\/\/fomentmolins.cat\/es\/presidentes\/","og_locale":"es_ES","og_type":"article","og_title":"Presidentes - Foment Molins Cultural","og_description":"[vc_row][vc_column][vc_empty_space height=\u00bb240px\u00bb][vc_column_text] PRESIDENTES [\/vc_column_text][vc_empty_space height=\u00bb40px\u00bb][\/vc_column][\/vc_row][vc_row full_width=\u00bbstretch_row\u00bb equal_height=\u00bbyes\u00bb content_placement=\u00bbmiddle\u00bb curly_bg_repeat=\u00bbbg-no-repeat\u00bb curly_bg_position=\u00bbbg-pos-center-center\u00bb css=\u00bb.vc_custom_1496176576005{background-position: center !important;background-repeat: no-repeat !important;background-size: contain !important;}\u00bb][vc_column width=\u00bb5\/12&#8243; curly_bg_repeat=\u00bbbg-no-repeat\u00bb][vc_single_image image=\u00bb319&#8243; img_size=\u00bbfull\u00bb style=\u00bbxtd-shadow&#8211;large-hard\u00bb css_animation=\u00bbnone\u00bb el_class=\u00bbxtd-offset-frame\u00bb][vc_empty_space height=\u00bb\u00bb el_class=\u00bbxtd-spacer&#8211;lg\u00bb][\/vc_column][vc_column width=\u00bb1\/2&#8243; curly_bg_repeat=\u00bbbg-no-repeat\u00bb curly_bg_position=\u00bbbg-pos-center-center\u00bb css=\u00bb.vc_custom_1497536990501{background-image: url(http:\/\/demo.curlythemes.com\/theatrewp\/wp-content\/uploads\/sites\/21\/2017\/06\/letter-2.svg?id=80) !important;background-position: center !important;background-repeat: no-repeat !important;background-size: contain !important;}\u00bb offset=\u00bbvc_col-sm-offset-1&#8243;][vc_empty_space height=\u00bb\u00bb el_class=\u00bbxtd-spacer&#8211;lg\u00bb][vc_column_text css_animation=\u00bbnone\u00bb el_class=\u00bbxtd-text-shadow&#8211;large-hard\u00bb css=\u00bb.vc_custom_1688292041876{margin-right: -4rem !important;margin-left: -4rem !important;}\u00bb] En 1920 nace el Fomento Agr\u00edcola, Industrial y Comercial de la mano [&hellip;]","og_url":"https:\/\/fomentmolins.cat\/es\/presidentes\/","og_site_name":"Foment Molins Cultural","article_modified_time":"2024-02-04T11:39:15+00:00","twitter_card":"summary_large_image","twitter_misc":{"Tiempo de lectura":"3 minutos"},"schema":{"@context":"https:\/\/schema.org","@graph":[{"@type":"WebPage","@id":"https:\/\/fomentmolins.cat\/es\/presidentes\/","url":"https:\/\/fomentmolins.cat\/es\/presidentes\/","name":"Presidentes - Foment Molins Cultural","isPartOf":{"@id":"https:\/\/fomentmolins.cat\/es\/#website"},"datePublished":"2023-07-03T18:27:42+00:00","dateModified":"2024-02-04T11:39:15+00:00","breadcrumb":{"@id":"https:\/\/fomentmolins.cat\/es\/presidentes\/#breadcrumb"},"inLanguage":"es","potentialAction":[{"@type":"ReadAction","target":["https:\/\/fomentmolins.cat\/es\/presidentes\/"]}]},{"@type":"BreadcrumbList","@id":"https:\/\/fomentmolins.cat\/es\/presidentes\/#breadcrumb","itemListElement":[{"@type":"ListItem","position":1,"name":"Portada","item":"https:\/\/fomentmolins.cat\/es\/"},{"@type":"ListItem","position":2,"name":"Presidentes"}]},{"@type":"WebSite","@id":"https:\/\/fomentmolins.cat\/es\/#website","url":"https:\/\/fomentmolins.cat\/es\/","name":"Foment Molins Cultural","description":"","potentialAction":[{"@type":"SearchAction","target":{"@type":"EntryPoint","urlTemplate":"https:\/\/fomentmolins.cat\/es\/?s={search_term_string}"},"query-input":{"@type":"PropertyValueSpecification","valueRequired":true,"valueName":"search_term_string"}}],"inLanguage":"es"}]}},"_links":{"self":[{"href":"https:\/\/fomentmolins.cat\/es\/wp-json\/wp\/v2\/pages\/516","targetHints":{"allow":["GET"]}}],"collection":[{"href":"https:\/\/fomentmolins.cat\/es\/wp-json\/wp\/v2\/pages"}],"about":[{"href":"https:\/\/fomentmolins.cat\/es\/wp-json\/wp\/v2\/types\/page"}],"author":[{"embeddable":true,"href":"https:\/\/fomentmolins.cat\/es\/wp-json\/wp\/v2\/users\/1"}],"replies":[{"embeddable":true,"href":"https:\/\/fomentmolins.cat\/es\/wp-json\/wp\/v2\/comments?post=516"}],"version-history":[{"count":23,"href":"https:\/\/fomentmolins.cat\/es\/wp-json\/wp\/v2\/pages\/516\/revisions"}],"predecessor-version":[{"id":1934,"href":"https:\/\/fomentmolins.cat\/es\/wp-json\/wp\/v2\/pages\/516\/revisions\/1934"}],"wp:attachment":[{"href":"https:\/\/fomentmolins.cat\/es\/wp-json\/wp\/v2\/media?parent=516"}],"curies":[{"name":"wp","href":"https:\/\/api.w.org\/{rel}","templated":true}]}}