{"id":519,"date":"2023-07-03T20:28:27","date_gmt":"2023-07-03T18:28:27","guid":{"rendered":"https:\/\/fomentmolins.cat\/wordpress\/?page_id=519"},"modified":"2023-07-09T11:20:16","modified_gmt":"2023-07-09T09:20:16","slug":"alquiler-de-salas","status":"publish","type":"page","link":"https:\/\/fomentmolins.cat\/es\/alquiler-de-salas\/","title":{"rendered":"Alquiler de salas"},"content":{"rendered":"\n<h1 class=\"wp-block-heading\">Alquiler de espacios<\/h1>\n\n\n\n<h3 class=\"wp-block-heading\">El Teatro Foment Molins es un espacio vers\u00e1til y acogedor para cualquier evento<\/h3>\n\n\n\n<div style=\"height:24px\" aria-hidden=\"true\" class=\"wp-block-spacer\"><\/div>\n\n\n\n<p>El Teatro Foment de Molins pone a disposici\u00f3n de los usuarios sus amplios y vers\u00e1tiles espacios para la realizaci\u00f3n de diversas actividades, sean estas culturales, l\u00fadicas o festivas. A lo largo de los a\u00f1os, nuestras instalaciones han sido el escenario de una gran variedad de eventos proporcionando un ambiente acogedor y flexible para cualquier tipo de actividad.<\/p>\n\n\n\n<p>Nuestro teatro ha sido la locaci\u00f3n para numerosas filmaciones, incluyendo la celebraci\u00f3n de Fin de A\u00f1o de TV3, las pel\u00edculas \u00abLa mala educaci\u00f3n\u00bb y \u00abEl laberinto del fauno\u00bb, la serie \u00abLa Xirgu\u00bb, y el programa \u00abEnganxats de TV3\u00bb.<\/p>\n\n\n\n<p>Adem\u00e1s, nuestras instalaciones han albergado una serie de cenas tem\u00e1ticas y celebraciones, como cenas contra el c\u00e1ncer, la celebraci\u00f3n de \u00abLa Castanyada\u00bb, eventos de fin de a\u00f1o y diversas bodas.<\/p>\n\n\n\n<p>En el \u00e1mbito de los festivales, hemos acogido eventos como \u00abPas a Pas\u00bb, \u00abDance Studios\u00bb, \u00abLa Casa Urbana\u00bb, as\u00ed como diversos eventos de las Escuelas Alzina, Virolai y la Escuela de M\u00fasica de Molins.<\/p>\n\n\n\n<p>M\u00e1s all\u00e1 de lo mencionado, el Teatro Foment ha sido sede de la Marat\u00f3n de recogida de sangre durante la Feria de la Candelera, exposiciones de trenes en miniatura, los Premios de Radio Molins de Rei, varias convenciones y reuniones.<\/p>\n\n\n\n<p>Ofrecemos tambi\u00e9n nuestros espacios para alquiler en eventos como bodas, rodajes, conferencias, presentaciones, festivales y celebraciones en general, proporcionando un ambiente acogedor y flexible para cualquier tipo de evento.<\/p>\n\n\n\n<p>Si est\u00e1s interesado en m\u00e1s informaci\u00f3n, puedes contactarnos a trav\u00e9s del correo <a href=\"mailto:foment@fomentmolins.cat\">foment@fomentmolins.cat<\/a>.<\/p>\n","protected":false},"excerpt":{"rendered":"<p>Alquiler de espacios El Teatro Foment Molins es un espacio vers\u00e1til y acogedor para cualquier evento El Teatro Foment de Molins pone a disposici\u00f3n de los usuarios sus amplios y vers\u00e1tiles espacios para la realizaci\u00f3n de diversas actividades, sean estas culturales, l\u00fadicas o festivas. A lo largo de los a\u00f1os, nuestras instalaciones han sido el escenario de una gran variedad [&hellip;]<\/p>\n","protected":false},"author":1,"featured_media":0,"parent":0,"menu_order":0,"comment_status":"closed","ping_status":"closed","template":"","meta":{"inline_featured_image":false,"footnotes":""},"class_list":["post-519","page","type-page","status-publish","hentry"],"yoast_head":"<!-- This site is optimized with the Yoast SEO plugin v27.2 - https:\/\/yoast.com\/product\/yoast-seo-wordpress\/ -->\n<title>Alquiler de salas - Foment Molins Cultural<\/title>\n<meta name=\"robots\" content=\"index, follow, max-snippet:-1, max-image-preview:large, max-video-preview:-1\" \/>\n<link rel=\"canonical\" href=\"https:\/\/fomentmolins.cat\/es\/alquiler-de-salas\/\" \/>\n<meta property=\"og:locale\" content=\"es_ES\" \/>\n<meta property=\"og:type\" content=\"article\" \/>\n<meta property=\"og:title\" content=\"Alquiler de salas - Foment Molins Cultural\" \/>\n<meta property=\"og:description\" content=\"Alquiler de espacios El Teatro Foment Molins es un espacio vers\u00e1til y acogedor para cualquier evento El Teatro Foment de Molins pone a disposici\u00f3n de los usuarios sus amplios y vers\u00e1tiles espacios para la realizaci\u00f3n de diversas actividades, sean estas culturales, l\u00fadicas o festivas. A lo largo de los a\u00f1os, nuestras instalaciones han sido el escenario de una gran variedad [&hellip;]\" \/>\n<meta property=\"og:url\" content=\"https:\/\/fomentmolins.cat\/es\/alquiler-de-salas\/\" \/>\n<meta property=\"og:site_name\" content=\"Foment Molins Cultural\" \/>\n<meta property=\"article:modified_time\" content=\"2023-07-09T09:20:16+00:00\" \/>\n<meta name=\"twitter:card\" content=\"summary_large_image\" \/>\n<meta name=\"twitter:label1\" content=\"Tiempo de lectura\" \/>\n\t<meta name=\"twitter:data1\" content=\"1 minuto\" \/>\n<script type=\"application\/ld+json\" class=\"yoast-schema-graph\">{\"@context\":\"https:\/\/schema.org\",\"@graph\":[{\"@type\":\"WebPage\",\"@id\":\"https:\/\/fomentmolins.cat\/es\/alquiler-de-salas\/\",\"url\":\"https:\/\/fomentmolins.cat\/es\/alquiler-de-salas\/\",\"name\":\"Alquiler de salas - Foment Molins Cultural\",\"isPartOf\":{\"@id\":\"https:\/\/fomentmolins.cat\/es\/#website\"},\"datePublished\":\"2023-07-03T18:28:27+00:00\",\"dateModified\":\"2023-07-09T09:20:16+00:00\",\"breadcrumb\":{\"@id\":\"https:\/\/fomentmolins.cat\/es\/alquiler-de-salas\/#breadcrumb\"},\"inLanguage\":\"es\",\"potentialAction\":[{\"@type\":\"ReadAction\",\"target\":[\"https:\/\/fomentmolins.cat\/es\/alquiler-de-salas\/\"]}]},{\"@type\":\"BreadcrumbList\",\"@id\":\"https:\/\/fomentmolins.cat\/es\/alquiler-de-salas\/#breadcrumb\",\"itemListElement\":[{\"@type\":\"ListItem\",\"position\":1,\"name\":\"Portada\",\"item\":\"https:\/\/fomentmolins.cat\/es\/\"},{\"@type\":\"ListItem\",\"position\":2,\"name\":\"Alquiler de salas\"}]},{\"@type\":\"WebSite\",\"@id\":\"https:\/\/fomentmolins.cat\/es\/#website\",\"url\":\"https:\/\/fomentmolins.cat\/es\/\",\"name\":\"Foment Molins Cultural\",\"description\":\"\",\"potentialAction\":[{\"@type\":\"SearchAction\",\"target\":{\"@type\":\"EntryPoint\",\"urlTemplate\":\"https:\/\/fomentmolins.cat\/es\/?s={search_term_string}\"},\"query-input\":{\"@type\":\"PropertyValueSpecification\",\"valueRequired\":true,\"valueName\":\"search_term_string\"}}],\"inLanguage\":\"es\"}]}<\/script>\n<!-- \/ Yoast SEO plugin. -->","yoast_head_json":{"title":"Alquiler de salas - Foment Molins Cultural","robots":{"index":"index","follow":"follow","max-snippet":"max-snippet:-1","max-image-preview":"max-image-preview:large","max-video-preview":"max-video-preview:-1"},"canonical":"https:\/\/fomentmolins.cat\/es\/alquiler-de-salas\/","og_locale":"es_ES","og_type":"article","og_title":"Alquiler de salas - Foment Molins Cultural","og_description":"Alquiler de espacios El Teatro Foment Molins es un espacio vers\u00e1til y acogedor para cualquier evento El Teatro Foment de Molins pone a disposici\u00f3n de los usuarios sus amplios y vers\u00e1tiles espacios para la realizaci\u00f3n de diversas actividades, sean estas culturales, l\u00fadicas o festivas. A lo largo de los a\u00f1os, nuestras instalaciones han sido el escenario de una gran variedad [&hellip;]","og_url":"https:\/\/fomentmolins.cat\/es\/alquiler-de-salas\/","og_site_name":"Foment Molins Cultural","article_modified_time":"2023-07-09T09:20:16+00:00","twitter_card":"summary_large_image","twitter_misc":{"Tiempo de lectura":"1 minuto"},"schema":{"@context":"https:\/\/schema.org","@graph":[{"@type":"WebPage","@id":"https:\/\/fomentmolins.cat\/es\/alquiler-de-salas\/","url":"https:\/\/fomentmolins.cat\/es\/alquiler-de-salas\/","name":"Alquiler de salas - Foment Molins Cultural","isPartOf":{"@id":"https:\/\/fomentmolins.cat\/es\/#website"},"datePublished":"2023-07-03T18:28:27+00:00","dateModified":"2023-07-09T09:20:16+00:00","breadcrumb":{"@id":"https:\/\/fomentmolins.cat\/es\/alquiler-de-salas\/#breadcrumb"},"inLanguage":"es","potentialAction":[{"@type":"ReadAction","target":["https:\/\/fomentmolins.cat\/es\/alquiler-de-salas\/"]}]},{"@type":"BreadcrumbList","@id":"https:\/\/fomentmolins.cat\/es\/alquiler-de-salas\/#breadcrumb","itemListElement":[{"@type":"ListItem","position":1,"name":"Portada","item":"https:\/\/fomentmolins.cat\/es\/"},{"@type":"ListItem","position":2,"name":"Alquiler de salas"}]},{"@type":"WebSite","@id":"https:\/\/fomentmolins.cat\/es\/#website","url":"https:\/\/fomentmolins.cat\/es\/","name":"Foment Molins Cultural","description":"","potentialAction":[{"@type":"SearchAction","target":{"@type":"EntryPoint","urlTemplate":"https:\/\/fomentmolins.cat\/es\/?s={search_term_string}"},"query-input":{"@type":"PropertyValueSpecification","valueRequired":true,"valueName":"search_term_string"}}],"inLanguage":"es"}]}},"_links":{"self":[{"href":"https:\/\/fomentmolins.cat\/es\/wp-json\/wp\/v2\/pages\/519","targetHints":{"allow":["GET"]}}],"collection":[{"href":"https:\/\/fomentmolins.cat\/es\/wp-json\/wp\/v2\/pages"}],"about":[{"href":"https:\/\/fomentmolins.cat\/es\/wp-json\/wp\/v2\/types\/page"}],"author":[{"embeddable":true,"href":"https:\/\/fomentmolins.cat\/es\/wp-json\/wp\/v2\/users\/1"}],"replies":[{"embeddable":true,"href":"https:\/\/fomentmolins.cat\/es\/wp-json\/wp\/v2\/comments?post=519"}],"version-history":[{"count":4,"href":"https:\/\/fomentmolins.cat\/es\/wp-json\/wp\/v2\/pages\/519\/revisions"}],"predecessor-version":[{"id":605,"href":"https:\/\/fomentmolins.cat\/es\/wp-json\/wp\/v2\/pages\/519\/revisions\/605"}],"wp:attachment":[{"href":"https:\/\/fomentmolins.cat\/es\/wp-json\/wp\/v2\/media?parent=519"}],"curies":[{"name":"wp","href":"https:\/\/api.w.org\/{rel}","templated":true}]}}